{"id":13760,"date":"2019-06-12T15:33:23","date_gmt":"2019-06-12T13:33:23","guid":{"rendered":"https:\/\/www.fdss.be\/onderzoekactie\/interventions\/"},"modified":"2025-08-20T11:58:26","modified_gmt":"2025-08-20T09:58:26","slug":"verschijningens","status":"publish","type":"page","link":"https:\/\/www.fdss.be\/nl\/actieonderzoek\/verschijningens\/","title":{"rendered":"Verschijningens"},"content":{"rendered":"<div class=\"su-animate\" style=\"opacity:0;-webkit-animation-duration:1s;-webkit-animation-delay:0s;animation-duration:1s;animation-delay:0s;\" data-animation=\"bounceInUp\" data-duration=\"1\" data-delay=\"0\">\n<h2>1. Pr\u00e9sentations et interventions<\/h2>\n<h3>A) Aide alimentaire<\/h3>\n<div class=\"title_code\">Forum <em>La D\u00e9mocratie au service de l\u2019assiette pour tou<\/em>s, RAWAD, 19 f\u00e9vrier 2019, Namur<\/div>\n        <div class=\"content_code\"><\/p>\n<ul>\n<li>Damhuis Lotte,\u00a0<strong>\u00ab\u00a0Participation des publics fragilis\u00e9s\u00a0\u00bb<\/strong><\/li>\n<\/ul>\n<p><strong>R\u00e9sum\u00e9 de l\u2019intervention<\/strong>\u00a0: Face \u00e0 la non durabilit\u00e9 du syst\u00e8me agro-alimentaire dominant, les alternatives alimentaires locales se multiplient depuis quelques ann\u00e9es en Wallonie, en Europe et partout dans le monde. Ces alternatives sont port\u00e9es par des agriculteurs, des citoyens, des associations, ou encore des \u00e9lus, \u2026 Ce Forum visait \u00e0 approfondir ce mouvement en tentant de repenser la mani\u00e8re dont le syst\u00e8me est actuellement g\u00e9r\u00e9. Une nouvelle approche des syst\u00e8mes alimentaires est n\u00e9cessaire, mais reste \u00e0 inventer, avec en son centre une question\u00a0:\u00a0<em>Comment mettre en place des m\u00e9canismes de gouvernance d\u00e9mocratique cherchant \u00e0 faire participer les diff\u00e9rents acteurs et permettant l\u2019\u00e9mergence de syst\u00e8mes alimentaires justes et durables\u00a0?<\/em><\/p>\n<p><a href=\"https:\/\/www.rawad.be\/sites\/rawad.be\/files\/u64\/S\u00e9minaire%20RAWAD_19f\u00e9v19_lotteDamhuis.pdf\">Lire le texte de la communication\u00a0<\/a><\/p>\n<p><\/div>\n<div class=\"title_code\">Colloque international <em>Injustices \u00e9pist\u00e9miques : comment les comprendre, comment les r\u00e9duire ?, <\/em>GT21 de l\u2019Association Internationale de Sociologie de Langue Fran\u00e7aise, 7 f\u00e9vrier 2019, Namur<\/div>\n        <div class=\"content_code\"><\/p>\n<ul>\n<li>Damhuis Lotte, Serr\u00e9 Alexia,\u00a0<strong>\u00ab\u00a0Quand l\u2019analyse se fait \u00e0 plusieurs voix \u2013 R\u00e9flexion sur les formats de restitution d\u2019une recherche-action dans le secteur de l\u2019aide alimentaire\u00a0\u00bb<\/strong><\/li>\n<\/ul>\n<p><strong>R\u00e9sum\u00e9 de l\u2019intervention<\/strong>\u00a0: Ce colloque avait pour objectif de contribuer au d\u00e9cloisonnement entre des mondes parfois \u00e9tanches. Il s\u2019agissait du premier colloque francophone international sur le th\u00e8me des injustices \u00e9pist\u00e9miques. L\u2019appellation g\u00e9n\u00e9rale d\u2019\u00ab\u00a0injustices \u00e9pist\u00e9miques\u00a0\u00bb d\u00e9signe ces diff\u00e9rents cas de figure o\u00f9 se joue la capacit\u00e9 de certaines personnes \u00e0 t\u00e9moigner de leur v\u00e9cu, \u00e0 d\u00e9noncer, parfois, ce qu\u2019elles vivent et, plus simplement, \u00e0 faire valoir leur statut de personnes fiables et comp\u00e9tentes en mati\u00e8re de production et de transmission des connaissances.<\/p>\n<p><a href=\"https:\/\/solenprimcom.files.wordpress.com\/2019\/04\/19013-solenprim4-analyse-formats-restitution_04.pdf\">Lire le texte de la communication\u00a0<\/a><\/p>\n<p><\/div>\n<div class=\"title_code\">Colloque<em>(Re) penser l\u2019alimentation depuis une perspective globale et non- r\u00e9ductionniste des besoins<\/em>, Universit\u00e9 de Barcelone- \u00c9cole de Travail social, du 23 au 25 octobre 2018, Barcelone.<\/div>\n        <div class=\"content_code\"><\/p>\n<ul>\n<li>Myaux D\u00e9borah, Damhuis Lotte,\u00a0<strong>\u00ab\u00a0 Recherche-action participative et acc\u00e8s \u00e0 l\u2019alimentation durable \u2013 exp\u00e9rimentations de l\u2019id\u00e9al participatif au sein d\u2019organismes d\u2019aide alimentaire\u00a0\u00bb<\/strong><\/li>\n<\/ul>\n<p><\/div>\n<div class=\"title_code\">Forum Co-Create<em>, Pr\u00e9sentation des r\u00e9sultats de Solenprim<\/em>, centre d\u2019appui co-create, 21 octobre 2018, Bruxelles.<\/div>\n        <div class=\"content_code\"><\/p>\n<p><\/div>\n<div class=\"title_code\">S\u00e9minaire <em>Pour une approche globale et solidaire en s\u00e9curit\u00e9 alimentaire<\/em>organis\u00e9 par le CREMIS, 21 juin 2018, Montr\u00e9al.<\/div>\n        <div class=\"content_code\"><\/p>\n<ul>\n<li>Myaux D\u00e9borah, Rosenzweig Matthias,\u00a0<strong>\u00ab\u00a0Se concerter pour changer le syst\u00e8me\u00a0: exp\u00e9riences bruxelloises\u00a0\u00bb<\/strong><\/li>\n<li>Rousseau Catherine, \u00ab<strong>\u00a0Gouvernance et accessibilit\u00e9\u00a0: transition alimentaire durable en Wallonie\u00a0\u00bb<\/strong><\/li>\n<\/ul>\n<p><\/div>\n<div class=\"title_code\">Colloque <em>Vers une alimentation durable pour tous<\/em>, section \u00ab Sant\u00e9 communautaire \u00bb de la Haute Ecole Galil\u00e9e \u2013 ISPG \u2013 ISSIG, 6 mars 2018, Bruxelles.<\/div>\n        <div class=\"content_code\"><\/p>\n<ul>\n<li>Rousseau Catherine,<strong>\u00ab Enjeux sociaux d\u2019une alimentation durable \u00bb<\/strong><\/li>\n<\/ul>\n<p><\/div>\n<div class=\"title_code\">S\u00e9minaire, <em>Projets de recherche men\u00e9s en alimentation durable \u00e0 Bruxelles,<\/em>Pr\u00e9sentation de Solenprim, RABAD, 28 avril 2017, Bruxelles.<\/div>\n        <div class=\"content_code\"><\/p>\n<p><\/div>\n<div class=\"title_code\">S\u00e9minaire, <em>Nourrir Bruxelles<\/em>, Brussels Academy, 19 mai 2017, Bruxelles.<\/div>\n        <div class=\"content_code\"><\/p>\n<p><\/div>\n<div class=\"title_code\">Conf\u00e9rence, <em>S\u00e9jour d\u2019acc\u00e8s digne \u00e0 l\u2019alimentation 2018<\/em>, le Secours Catholique fran\u00e7ais (Caritas France), Nantes, 7-9 mars 2018<\/div>\n        <div class=\"content_code\"><\/p>\n<p><a href=\"http:\/\/v=Jc30m77XMls&amp;feature=youtu.be\">Vid\u00e9o de l\u2019\u00e9v\u00e9nement\u00a0<\/a><\/p>\n<p><\/div>\n<div class=\"title_code\">Stand Solenprim \u00e0 l\u2019\u00e9v\u00e9nement <em>Le ralliement des fourchettes<\/em>, organis\u00e9 par la Concertation aide alimentaire, 17 juin 2018, Bruxelles<\/div>\n        <div class=\"content_code\"><\/p>\n<p><\/div>\n<div class=\"title_code\">Journ\u00e9e d\u2019\u00e9tudes internationales <em>Pr\u00e9carit\u00e9, Participation, Politique, <\/em>15 D\u00e9cembre 2017, Paris<\/div>\n        <div class=\"content_code\"><\/p>\n<ul>\n<li>Damhuis Lotte, Serr\u00e9 Alexia,\u00a0<strong>\u00ab L\u2019id\u00e9al participatif comme horizon de l\u2019action sociale : exp\u00e9rimentations bruxelloises dans le secteur de l\u2019aide alimentaire \u00bb<\/strong>, Journ\u00e9e d\u2019\u00e9tudes internationales\u00a0<em>\u00ab Pr\u00e9carit\u00e9, Participation, Politique \u00bb<\/em>, Sciences Po Paris, le 15 d\u00e9cembre 2017.<\/li>\n<\/ul>\n<p><strong>R\u00e9sum\u00e9 de l\u2019intervention<\/strong>\u00a0: La recherche action participative \u00ab\u00a0Solenprim\u00a0\u00bb (pour \u00ab\u00a0Solidarit\u00e9 en primeur(s)\u00a0\u00bb) a pour objectif de penser et d\u2019exp\u00e9rimenter des initiatives \u00e0 m\u00eame de favoriser un acc\u00e8s (plus) durable \u00e0 l\u2019alimentation pour des publics pr\u00e9caris\u00e9s bruxellois, b\u00e9n\u00e9ficiaires de l\u2019aide alimentaire. Conform\u00e9ment au programme qui la finance, elle a pour sp\u00e9cificit\u00e9 de (devoir) se r\u00e9aliser \u00ab\u00a0en co-cr\u00e9ation\u00a0\u00bb, c\u2019est-\u00e0-dire d\u2019inclure l\u2019ensemble des acteurs concern\u00e9s, public cible compris, dans les diff\u00e9rentes \u00e9tapes de sa conception et de sa mise en \u0153uvre.La communication se penchera sur ce que l\u2019injonction \u00e0 participer fait faire aux acteurs qui se pr\u00eatent au jeu. Apr\u00e8s une rapide contextualisation du projet dans le paysage institutionnel belge, la communication se centrera sur les difficult\u00e9s et questionnements rencontr\u00e9s dans sa mise en\u00a0<u>\u0153uvre<\/u>\u00a0: Comment penser en commun l\u2019organisation d\u2019un partenariat entre acteurs h\u00e9t\u00e9rog\u00e8nes\u00a0? Comment et pourquoi impliquer des publics tr\u00e8s pr\u00e9caires qui viennent \u00ab\u00a0juste\u00a0\u00bb chercher un colis alimentaire\u00a0? Comment tenir compte des conditions de participation inh\u00e9rentes \u00e0 tout dispositif visant \u00e0 \u00ab\u00a0faire participer\u00a0\u00bb\u00a0? Comment composer avec la pluralit\u00e9 des repr\u00e9sentations \u00e0 propos de \u00ab\u00a0la bonne\u00a0\u00bb participation des publics pr\u00e9caires\u00a0?<\/p>\n<p><a href=\"http:\/\/www.sciencespo.fr\/centre-etudes-europeennes\/fr\/node\/16251\"><strong>Programme de la journ\u00e9e d\u2019\u00e9tudes\u00a0<\/strong><\/a><\/p>\n<p><\/div>\n<div class=\"title_code\">Biennale <em>Ensemble pour la sant\u00e9, <\/em>1-2 d\u00e9cembre 2017, Bruxelles<\/div>\n        <div class=\"content_code\"><\/p>\n<ul>\n<li>Bazin Jamila, El Asli Khadija, Ayadi Anissa,\u00a0<strong>\u00ab\u00a0Le GAC1050 se pr\u00e9sente\u00a0\u00bb<\/strong>, Biennale\u00a0<em>Ensemble pour la sant\u00e9<\/em>, organis\u00e9e par la\u00a0<em>Plate-forme d\u2019action sant\u00e9 solidarit\u00e9, <\/em>Bruxelles, 1 et 2 d\u00e9cembre 2017.<\/li>\n<\/ul>\n<p><strong>R\u00e9sum\u00e9 de l\u2019intervention<\/strong>\u00a0: \u00a0Depuis janvier 2014, ann\u00e9e de son \u00e9closion au sein du Centre social protestant \u00e0 l\u2019initiative du travailleur social Jeroen Smets et de quelques citoyen.ne.s, le GAC1050 a parcouru du chemin. Deux membres du GAC1050, ainsi que l\u2019accompagnatrice actuelle du projet, op\u00e8re un retour sur son histoire, sa nouvelle vie et ses perspectives, depuis qu\u2019il a quitt\u00e9 les locaux du centre. Alors que le groupe se pr\u00e9pare \u00e0 exister de fa\u00e7on autonome, quelles difficult\u00e9s ses membres ont-ils rencontr\u00e9es ? Lesquelles restent encore \u00e0 lever\u00a0? Comment le groupe s\u2019organise-t-il\u00a0? Qui le compose\u00a0? Quelles motivations animent les membres\u00a0? Comment se r\u00e9partit le travail de coordination\u00a0? Que rev\u00eat et suppose l\u2019accompagnement\u00a0? Autant de questions qui ont \u00e9t\u00e9 abord\u00e9es dans cette pr\u00e9sentation \u00e0 trois voix du groupe d\u2019achats collectifs d\u2019Ixelles.<\/p>\n<ul>\n<li>Serr\u00e9 Alexia,\u00a0<strong>\u00ab\u00a0Pr\u00e9sentation du projet Solenprim\u00a0et des r\u00e9sultats du diagnostic\u00a0\u00bb<\/strong>, Biennale\u00a0<em>Ensemble pour la sant\u00e9<\/em>, organis\u00e9e par la\u00a0<em>Plate-forme d\u2019action sant\u00e9 solidarit\u00e9,<\/em>\u00a0Bruxelles, 1 et 2 d\u00e9cembre 2017.<\/li>\n<\/ul>\n<p><strong>R\u00e9sum\u00e9 de l\u2019intervention<\/strong>\u00a0: Apr\u00e8s avoir pr\u00e9sent\u00e9 le th\u00e8me et les objectifs de Solenprim (\u00e0 savoir\u00a0: am\u00e9liorer, via des exp\u00e9rimentations concr\u00e8tes, l\u2019acc\u00e8s \u00e0 l\u2019alimentation des personnes b\u00e9n\u00e9ficiaires de l\u2019aide alimentaire), la pr\u00e9sentation revient sur les m\u00e9thodologies et le principe de co-production de savoirs qui caract\u00e9risent ce projet. Le dispositif de diagnostic d\u00e9ploy\u00e9 pendant sa premi\u00e8re ann\u00e9e montre en effet que l\u2019expertise des personnes concern\u00e9es gagne \u00e0 \u00eatre consid\u00e9r\u00e9e comme compl\u00e9mentaire \u00e0 celles des professionnels du secteur et des chercheurs. Une d\u00e9finition non restrictive du \u00ab\u00a0bien se nourrir\u00a0\u00bb, compos\u00e9e de 6 dimensions, a ainsi pu \u00eatre \u00e9labor\u00e9e, pour nourrir les r\u00e9flexions des groupes de b\u00e9n\u00e9ficiaires qui s\u2019att\u00e8lent \u00e0 mettre en \u0153uvre localement de nouvelles initiatives.<\/p>\n<p><a href=\"http:\/\/www.samenvoorlasante.be\/fr\/programme\/\">Site internet de l\u2019\u00e9v\u00e8nement\u00a0<\/a><\/p>\n<p><\/div>\n<div class=\"title_code\">S\u00e9minaire et colloque international du R\u00e9seau des villes et r\u00e9gions laboratoires du CREMIS <em>R\u00e9duction identitaire et approche globale en alimentation, <\/em>26-29 novembre 2017, Mulhouse<\/div>\n        <div class=\"content_code\"><\/p>\n<ul>\n<li>Myaux Deborah, Serr\u00e9 Alexia,\u00a0<strong>Participation au s\u00e9minaire du R\u00e9seau des villes et r\u00e9gions laboratoires du CREMIS,\u00a0<\/strong>Mulhouse, 26 au 29 novembre 2017.<\/li>\n<\/ul>\n<p><strong>R\u00e9sum\u00e9 de l\u2019intervention<\/strong>\u00a0: \u00ab\u00a0L\u2019alimentation est un sujet devenu tr\u00e8s pr\u00e9sent dans les d\u00e9bats de soci\u00e9t\u00e9 ; bien se nourrir en pr\u00e9servant sa sant\u00e9 et l\u2019environnement est une pr\u00e9occupation partag\u00e9e par de nombreux citoyens, alarm\u00e9s par les scandales sanitaires ou sensibles aux impacts de leurs choix de consommateurs. Pour les plus fragiles, cette ins\u00e9curit\u00e9 alimentaire est plus vive encore : se nourrir suffisamment passe avant tout. Penser l\u2019alimentation comme un droit nous renvoie \u00e0 la justice sociale et \u00e0 l\u2019exercice de notre citoyennet\u00e9. Il s\u2019agit de ne pas r\u00e9duire cette question \u00e0 de simples bouches \u00e0 nourrir, mais de proposer une approche globale, pour une alimentation plus respectueuse des hommes et de la nature. Au cours de ces journ\u00e9es nous d\u00e9couvrirons une recherche collaborative entam\u00e9e il y a trois ans dans plusieurs pays autour de l\u2019ins\u00e9curit\u00e9 alimentaire ; un focus sera fait sur des pratiques innovantes qui permettent de prendre en compte les b\u00e9n\u00e9ficiaires dans toutes leurs dimensions.\u00a0\u00bb<\/p>\n<ul>\n<li>Myaux Deborah, Serr\u00e9 Alexia,\u00a0<strong>\u00ab Recherche-action participative et acc\u00e8s \u00e0 l\u2019alimentation durable \u2013 des terrains bruxellois au sol f\u00e9cond\u00a0\u00bb,<\/strong>\u00a0Colloque international du R\u00e9seau des villes et r\u00e9gions laboratoires du CREMIS\u00a0<em>R\u00e9duction identitaire et approche globale en alimentation<\/em>, ISSM Mulhouse, le 28 novembre 2017.<\/li>\n<\/ul>\n<p><strong>R\u00e9sum\u00e9 de l\u2019intervention<\/strong>\u00a0: Apr\u00e8s avoir bri\u00e8vement pr\u00e9sent\u00e9 le contexte dans lequel s\u2019inscrit l\u2019aide alimentaire \u00e0 Bruxelles et les questionnements qui animent les acteurs de ce secteur, la communication interrogera l\u2019une des hypoth\u00e8ses au centre de la recherche action participative \u00ab\u00a0Solenprim\u00a0\u00bb\u00a0: celle relative \u00e0 la pertinence, pour faciliter un acc\u00e8s durable \u00e0 une alimentation de qualit\u00e9 des personnes pr\u00e9caires, de tisser de nouveaux rapprochements entre le monde de l\u2019aide alimentaire et celui de l\u2019alimentation durable.<\/p>\n<p><a href=\"http:\/\/www.issm.asso.fr\/IMG\/pdf\/coll_reduction_identitaire_et_app_globale_en_alimentation_28112017_detaille.pdf\">http:\/\/www.issm.asso.fr\/IMG\/pdf\/coll_reduction_identitaire_et_app_globale_en_alimentation_28112017_detaille.pdf<\/a><\/p>\n<p><\/div>\n<div class=\"title_code\">Universit\u00e9 d\u2019\u00e9t\u00e9 en Agriculture urbaine, 13 juillet 2017, Bruxelles<\/div>\n        <div class=\"content_code\"><\/p>\n<ul>\n<li>Rousseau Catherine,\u00a0<strong>\u00ab\u00a0Solenprim\u00a0: les r\u00e9sultats issus de la phase diagnostique \u00bb<\/strong>,\u00a0<em>Universit\u00e9 d\u2019\u00e9t\u00e9 en Agriculture urbaine<\/em>, le 13 juillet 2017.<\/li>\n<\/ul>\n<p><\/div>\n<div class=\"title_code\">S\u00e9minaire <em>Bruxelles la ville comme \u00e9cosyst\u00e8me, <\/em>19 mai 2017, Bruxelles<\/div>\n        <div class=\"content_code\"><\/p>\n<ul>\n<li>Rousseau Catherine et Vandijck Barbara,\u00a0<strong>\u00ab\u00a0Nourrir Bruxelles\u00a0\u00bb,<\/strong>\u00a0S\u00e9minaire<em>\u00a0Bruxelles la ville comme \u00e9cosyst\u00e8me<\/em>, organis\u00e9 par Brussels Academy, le 19 mai 2017.<\/li>\n<\/ul>\n<p><\/div>\n<div class=\"title_code\">S\u00e9minaire <em>Projets de recherche men\u00e9s en alimentation durable \u00e0 Bruxelles, <\/em>28 avril 2017, Bruxelles<\/div>\n        <div class=\"content_code\"><\/p>\n<ul>\n<li>Rousseau Catherine,\u00a0<strong>\u00ab\u00a0Pr\u00e9sentation du projet Solenprim\u00a0\u00bb,<\/strong>\u00a0S\u00e9minaire\u00a0<em>Projets de recherche men\u00e9s en alimentation durable \u00e0 Bruxelles\u00a0<\/em>\u00bb, RABAD, le 28 avril 2017.<\/li>\n<\/ul>\n<p><\/div>\n<div class=\"title_code\">18\u00e8me atelier international du CREMIS, <em>Des bouches \u00e0 nourrir ? S\u00e9curit\u00e9 et Autonomie alimentaire : vers une approche globale<\/em>, 24-26 avril 2017, Molenbeek<\/div>\n        <div class=\"content_code\"><\/p>\n<ul>\n<li>Myaux Deborah, Serr\u00e9 Alexia,\u00a0<strong>\u00ab Les apports du projet Solenprim\u00a0\u00bb,<\/strong>\u00a018<sup>\u00e8me<\/sup>\u00a0atelier international du CREMIS (co-organis\u00e9 avec la FdSS) intitul\u00e9\u00a0<em>Des bouches \u00e0 nourrir\u00a0?\u00a0S\u00e9curit\u00e9 et Autonomie alimentaire : vers une approche globale<\/em>, Molenbeek, 24 au 26 avril 2017.<\/li>\n<\/ul>\n<p><strong>R\u00e9sum\u00e9 de l\u2019intervention<\/strong>\u00a0<strong>:<\/strong>\u00a0<em>\u00ab\u00a0Les interventions en \u00ab s\u00e9curit\u00e9 alimentaire \u00bb se font souvent dans l\u2019urgence avec peu de ressources. Cons\u00e9quemment et malgr\u00e9 elles, ces interventions peuvent contribuer \u00e0 r\u00e9duire les personnes \u00e0 des \u00ab bouches \u00e0 nourrir \u00bb. Le risque encouru est de reproduire le trait marquant des rapports sociaux in\u00e9galitaires producteurs de disparit\u00e9s de revenus et de conditions de vie : la r\u00e9duction identitaire. (\u2026) Agir sur les rapports sociaux in\u00e9galitaires producteurs de la pauvret\u00e9 requiert de passer \u00e0 une approche globale o\u00f9 la personne est reconnue dans les multiples dimensions de sa vie.\u00a0\u00bb\u00a0<\/em>Christopher McAll et al. (<a href=\"https:\/\/remote.fcss.be\/owa\/redir.aspx?C=ptDJ_dyDNUa4STD97NLyvUZl-9bcw9QIv148wEaH__yI4Lagx1scUsTDe0pU2WUPDx0LencKf0c.&amp;URL=http%3a%2f%2fwww.cremis.ca%2f\">www.CREMIS.ca<\/a>).<\/p>\n<p><\/div>\n<div class=\"title_code\">Colloque <em>Vers une alimentation durable pour tous, 6 <\/em>mars 2017, Bruxelles<\/div>\n        <div class=\"content_code\"><\/p>\n<ul>\n<li>Rousseau Catherine,\u00a0<strong>\u00ab\u00a0Pr\u00e9sentation du projet Solenprim\u00a0\u00bb,<\/strong>\u00a0colloque\u00a0<em>Vers une alimentation durable pour tous,\u00a0<\/em>organis\u00e9 par la section \u00ab\u00a0Sant\u00e9 communautaire\u00a0\u00bb de la Haute Ecole Galil\u00e9e \u2013 ISPG \u2013 ISSIG, le 6 mars 2017.<\/li>\n<\/ul>\n<p><\/div>\n<p>&nbsp;<\/p>\n<h3>B) Travail social individuel et communautaire<\/h3>\n<div class=\"title_code\">Colloque international <em>Injustices \u00e9pist\u00e9miques : comment les comprendre, comment les r\u00e9duire ?, <\/em>GT21 de l\u2019Association Internationale de Sociologie de Langue Fran\u00e7aise, 7 f\u00e9vrier 2019, Namur.<\/div>\n        <div class=\"content_code\"><\/p>\n<ul>\n<li>Maisin Charlotte., Renders Vinciane,\u00a0<strong>\u00ab\u00a0Sant\u00e9, un monde o\u00f9 la hi\u00e9rarchisation des expertises est in\u00e9vitable ?\u00a0\u00bb<\/strong><\/li>\n<\/ul>\n<p><strong>R\u00e9sum\u00e9 de l\u2019intervention<\/strong>\u00a0: Ce colloque avait pour objectif de contribuer au d\u00e9cloisonnement entre des mondes parfois \u00e9tanches. Il s\u2019agissait du premier colloque francophone international sur le th\u00e8me des injustices \u00e9pist\u00e9miques. L\u2019appellation g\u00e9n\u00e9rale d\u2019\u00ab\u00a0injustices \u00e9pist\u00e9miques\u00a0\u00bb d\u00e9signe ces diff\u00e9rents cas de figure o\u00f9 se joue la capacit\u00e9 de certaines personnes \u00e0 t\u00e9moigner de leur v\u00e9cu, \u00e0 d\u00e9noncer, parfois, ce qu\u2019elles vivent et, plus simplement, \u00e0 faire valoir leur statut de personnes fiables et comp\u00e9tentes en mati\u00e8re de production et de transmission des connaissances. Cette communication pr\u00e9sent\u00e9e par une sociologue et une assistante sociale pr\u00e9sentait les enjeux d\u2019un r\u00e9cit d\u2019une action communautaire en sant\u00e9 \u00e0 Woluwe-Saint-Lambert qui a fait l\u2019objet d\u2019une analyse en groupe (MAG). Il pr\u00e9sentait les processus relationnels qui avaient conduit \u00e0 cr\u00e9er des tensions d\u2019ordre \u00e9pist\u00e9mique entre un groupe de citoyens et le personnel de sant\u00e9 d\u2019une maison m\u00e9dicale.<\/p>\n<p><\/div>\n<div class=\"title_code\">Colloque international<em>, Le printemps de l\u2019innovation 2023 - Recherches participatives : les leviers de l'inclusivit\u00e9<\/em>, R\u00e9seau de Recherche sur l\u2019Innovation (RRI), 6 \u2013 7 avril 2023, Lille.<\/div>\n        <div class=\"content_code\"><\/p>\n<ul>\n<li>Chlo\u00e9 Ang\u00e9, Beno\u00eet Eyraud, Laure Duclerq, \u00ab\u00a0Table ronde\u00a0: les dimensions collectives de l\u2019inclusivit\u00e9\u00a0\u00bb<\/li>\n<\/ul>\n<p><\/div>\n<div class=\"title_code\">Congr\u00e8s international <em>Paroles, exp\u00e9riences et actions des usager\u2219e\u2219s dans l\u2019intervention sociale : rendre visible l\u2019invisible<\/em>, association international pour la formation, la recherche et l\u2019intervention sociale, 4 \u2013 8 juillet 2022, Bruxelles.<\/div>\n        <div class=\"content_code\"><\/p>\n<ul>\n<li>Lotte Damhuis, Charlotte Maisin, \u00ab\u00a0Les conditions du \u2018parler vrai\u2019 quand on vit de la prostitution. R\u00e9flexions \u00e0 partir d\u2019une d\u00e9marche de recherche et d\u2019intervention sociologique\u00a0\u00bb<\/li>\n<\/ul>\n<p><\/div>\n<div class=\"title_code\">Colloque international interdisciplinaire <em>Transformations des activit\u00e9s et des m\u00e9tiers du secteur social. Travail des fronti\u00e8res dans l'intervention sociale et la recherche, <\/em>R\u00e9seau interdisciplinaire et international de recherche en intervention sociale, 18-20 mai 2022, Rennes (France).<\/div>\n        <div class=\"content_code\"><\/p>\n<ul>\n<li>Charlotte Maisin, Lotte Damhuis, \u00ab\u00a0Le travail social aupr\u00e8s de personnes qui exercent la prostitution : quelles sp\u00e9cificit\u00e9s politiques\u00a0?\u00a0\u00bb<\/li>\n<li>Pauline Feron, Alexia Serr\u00e9, Audrey Vankeerberghen, \u00ab\u00a0Renouveler les pratiques d&#8217;intervention en temps de crise sanitaire &#8230; et apr\u00e8s ? Retour sur deux exp\u00e9rimentations bruxelloises\u00a0\u00bb<\/li>\n<\/ul>\n<p><\/div>\n<div class=\"title_code\">Colloque, <em>Quand les \u00ab demandes \u00bb en maison d\u2019accueil ne se rencontrent pas\u2026 Et moi travailleur social, dans tout \u00e7a ?,<\/em> Ateliers de la F\u00e9d\u00e9ration wallonne de services d\u2019accueil et d\u2019h\u00e9bergement pour personnes en difficult\u00e9s sociales, 22 mars 2022, Namur.<\/div>\n        <div class=\"content_code\"><\/p>\n<ul>\n<li>Justine Vleminckx, \u00ab\u00a0Regards crois\u00e9s entre usagers et travailleurs sociaux\u00a0\u00bb<\/li>\n<\/ul>\n<p><\/div>\n<p><\/div><br \/>\n<div class=\"su-animate\" style=\"opacity:0;-webkit-animation-duration:1s;-webkit-animation-delay:0s;animation-duration:1s;animation-delay:0s;\" data-animation=\"bounceInUp\" data-duration=\"1\" data-delay=\"0\"><\/p>\n<h2>2. Journ\u00e9es d\u2019\u00e9tude &amp; \u00e9venements\u00a0<strong>\u00a0<\/strong><\/h2>\n<div class=\"title_code\">Ev\u00e9nement de cl\u00f4ture (2022) \u00ab Prostitution et acc\u00e8s aux droits. Quels r\u00f4les pour les intervenant\u2219e\u2219s de terrain et leurs institutions ? \u00bb<\/div>\n        <div class=\"content_code\"><\/p>\n<p><strong>Description de l\u2019\u00e9v\u00e9nement<\/strong> : Une journ\u00e9e de cl\u00f4ture de cl\u00f4ture de trois ann\u00e9es de recherche-action men\u00e9e par la F\u00e9d\u00e9ration des Services Sociaux (FdSS) et les asbls Alias, Espace P&#8230;, Entre 2 Wallonie, Icar Wallonie, UTSOPI et M\u00e9decins du Monde.<\/p>\n<p>L\u2019objectif \u00e9tait de mettre en discussion les principaux r\u00e9sultats de cette recherche\u00a0; d\u2019informer, partager, sensibiliser, \u00e9quiper les acteurs de diff\u00e9rents secteurs du social et sant\u00e9 (au sens large) aux enjeux complexes et multiformes soulev\u00e9s par la prostitution\/le travail du sexe\u00a0; d\u2019\u00e9laborer ensemble des pistes d\u2019actions dans le but de d\u00e9jouer les m\u00e9canismes de stigmatisation, violence et non-recours aux droits li\u00e9s aux prostitutions.<\/p>\n<p><a href=\"https:\/\/www.fdss.be\/nl\/evenement\/prostitutie-en-toegang-tot-rechten\/\" target=\"_blank\" rel=\"noopener\"><strong>Descriptif et programme<\/strong><\/a><\/p>\n<p><\/div>\n<div class=\"title_code\">\u00c9v\u00e8nement de cl\u00f4ture (2019) \u00ab La journ\u00e9e de valorisation <em>Solenprimons-nous<\/em>\u00bb<\/div>\n        <div class=\"content_code\"><\/p>\n<p><strong>Description de l\u2019\u00e9v\u00e9nement<\/strong>\u00a0: Apr\u00e8s 3 ans de projet, le partenariat Solenprim a organis\u00e9 un \u00e9v\u00e8nement de cl\u00f4ture le 8 f\u00e9vrier 2019, au Garcia Lorca. Cette journ\u00e9e d\u2019\u00e9changes, de r\u00e9flexions autour des exp\u00e9rimentations de Solenprim a rassembl\u00e9 plus de 80 participants. Elle a permis aux membres du partenariat et des groupes locaux de Solenprim de pr\u00e9senter aux visiteurs les projets concrets qui ont \u00e9t\u00e9 d\u00e9velopp\u00e9s\u00a0(grainoth\u00e8que, ateliers cuisine, service de pr\u00eat et groupe d\u2019achats collectifs) et les enseignements qui en sont issus. Un lunch servi par un restaurant social et un spectacle d\u2019improvisation (par l\u2019asbl Ex-pression) sont venus agr\u00e9menter cette rencontre.<\/p>\n<p>Pour voir la vid\u00e9o et les photos de l\u2019\u00e9v\u00e8nement\u00a0:\u00a0<a href=\"https:\/\/solenprim.com\/blog\/\">https:\/\/solenprim.com\/blog\/<\/a>.<\/p>\n<p><\/div>\n<div class=\"title_code\">Ev\u00e9nement (2018) \u00ab Le ralliement des fourchettes \u00bb, co-organis\u00e9 par la Concertation Aide Alimentaire, Bruxelles<\/div>\n        <div class=\"content_code\"><\/p>\n<p><\/div>\n<div class=\"title_code\">Colloque (2017) \u00ab La lib\u00e9ralisation f\u00eate ses 10 ans\u2026 qui trinque ? \u00bb, organis\u00e9 par la Cellule d\u2019appui social\/\u00e9nergie de la FdSS<\/div>\n        <div class=\"content_code\"><\/p>\n<p><a href=\"https:\/\/www.fdss.be\/wp-content\/uploads\/Compte-rendu_lib\u00e9ralisation_30nov.pdf\">Actes du colloque<\/a><\/p>\n<p><\/div>\n<div class=\"title_code\">Colloque (2012) \u00ab Penser l\u2019aide alimentaire autrement. Droit et acc\u00e8s \u00e0 l'alimentation : Quelle strat\u00e9gie d'aide alimentaire pour l'Europe de demain \u00bb, organis\u00e9 par la Concertation Aide Alimentaire (FdSS)<\/div>\n        <div class=\"content_code\"><\/p>\n<p><\/div>\n<div class=\"title_code\">Journ\u00e9e d\u2019\u00e9tude et d\u2019information (2006) sur la probl\u00e9matique des personnes sans-papiers. \u00ab Droits fondamentaux, travail social, cadre l\u00e9gal, actualit\u00e9 belge et enjeux globaux \u00bb<\/div>\n        <div class=\"content_code\"><\/p>\n<p><a href=\"https:\/\/www.fdss.be\/wp-content\/uploads\/SansPapiers.pdf\">Compte-rendu<\/a><\/p>\n<p><\/div>\n<div class=\"title_code\">Colloque (2005) \u00ab Europe et politiques sociales. Comprendre pour agir \u00bb<\/div>\n        <div class=\"content_code\"><\/p>\n<p><strong><u>Interventions\u00a0:<\/u><\/strong><\/p>\n<ul>\n<li><strong>Tour d\u2019horizon des principaux enjeux sociaux de l\u2019Europe<\/strong>. Par Philippe Pochet, directeur de l\u2019Observatoire Social Europ\u00e9en<\/li>\n<li><strong>La strat\u00e9gie europ\u00e9enne pour l\u2019emploi : un discours \u00e0 d\u00e9coder<\/strong>. Par Bernard Conter, attach\u00e9 scientifique \u00e0 l\u2019Institut Wallon de l\u2019Evaluation, de l\u2019Etude et de la Prospective (IWEPS)<\/li>\n<li><strong>Comment renforcer le r\u00f4le des collectivit\u00e9s r\u00e9gionales et locales dans le d\u00e9bat europ\u00e9en sur l\u2019inclusion sociale ?<\/strong>Par\u00a0 Arrigo Zanella, secr\u00e9taire g\u00e9n\u00e9ral du R\u00e9seau Europ\u00e9en et Transr\u00e9gional pour l\u2019Inclusion Sociale\u00a0 (RETIS)<\/li>\n<li><strong>La mise en r\u00e9seau, une strat\u00e9gie pour agir sur les politiques sociales<\/strong>. Par\u00a0 Vincent Forest,\u00a0 charg\u00e9 de l\u2019information \u00e0 l\u2019EAPN (R\u00e9seau europ\u00e9en des associations du lutte contre la pauvret\u00e9 et l\u2019exclusion sociale)<\/li>\n<\/ul>\n<p>Num\u00e9ro sp\u00e9cial d&#8217;AlterEchos (n\u00b0198):\u00a0<strong>Europe et politiques sociales<\/strong><\/p>\n<p><a href=\"https:\/\/www.fdss.be\/wp-content\/uploads\/EuropPolitkSocCombo.pdf\">Compte-rendu<\/a><\/p>\n<p><\/div>\n<div class=\"title_code\">Journ\u00e9e d\u2019\u00e9tude (2004). \u00ab Entre secret professionnel et contr\u00f4le. Une \u00e9thique pour \u00e9clairer les missions du travail social \u00bb<em>.<\/em><\/div>\n        <div class=\"content_code\"><\/p>\n<p><strong><u>Interventions\u00a0:<\/u><\/strong><\/p>\n<ul>\n<li><strong>Travail social en mutation : rep\u00e8res historiques<\/strong>. Par Guy Z\u00e9lis, professeur au D\u00e9partement d\u2019histoire de l\u2019UCL<\/li>\n<li><strong>L\u2019\u00e9volution des politiques sociales entre logiques d\u2019activation et logiques s\u00e9curitaires : est-il encore possible de faire du travail social ? Questions de\u00a0 d\u00e9ontologie<\/strong>. Par Catherine Bosquet, pr\u00e9sidente du Comit\u00e9 de vigilance en travail social et ma\u00eetre-assistante \u00e0 la Haute Ecole Paul-Henri Spaak<\/li>\n<\/ul>\n<p><a href=\"https:\/\/www.fdss.be\/wp-content\/uploads\/SecretProEtControlCombo.pdf\">Comte-rendu<\/a><\/p>\n<p><\/div>\n<div class=\"title_code\">Module de form\u2019action (2003). \u00ab Travail social et d\u00e9veloppement communautaire \u00bb<\/div>\n        <div class=\"content_code\"><\/p>\n<p><strong><u>Interventions\u00a0<\/u><\/strong><\/p>\n<ul>\n<li><strong>Le d\u00e9veloppement communautaire, un concept, une histoire, des valeurs<\/strong>. Par Catherine Bosquet, ma\u00eetre-assistance \u00e0 la Haute Ecole Paul-Henri Spaak<\/li>\n<li><strong>Het Opbouwwerk, \u00e7a se passe&#8230; chez nous!<\/strong>Par Lies Beunens (VIBOSO) et Alain Storme (RisoBrussel),<\/li>\n<li><strong>L&#8217;exp\u00e9rience du Miroir Vagabond<\/strong>racont\u00e9e par Christine Mahy<\/li>\n<li><strong>L\u2019action communautaire : du n\u00e9cessaire vecteur de changement social aux risques de d\u00e9tournements<\/strong>. Par Hugues-Olivier Hubert, docteur en Sociologique, chercheur \u00e0 la FdSS<\/li>\n<\/ul>\n<p><a href=\"https:\/\/www.fdss.be\/wp-content\/uploads\/TravailSocEtDevComCombo.pdf\">Comte-rendu<\/a><\/p>\n<p><\/div>\n<div class=\"title_code\">Journ\u00e9e d\u2019\u00e9tude (2002), \u00ab Volontariat, monde du travail et engagement citoyen \u00bb<\/div>\n        <div class=\"content_code\"><\/p>\n<p><strong><u>Interventions\u00a0<\/u><\/strong><\/p>\n<ul>\n<li><strong>Volontariat en Belgique : \u00e9tat des lieux et perspectives<\/strong>par Michel Mar\u00e9e, \u00e9conomiste (Centre d&#8217;Economie Sociale de l&#8217;ULG)<\/li>\n<li><strong>Volontariat et participation citoyenne<\/strong>par Nathalie Rigaux, sociologue (Facult\u00e9s Universitaires Notre-Dame de Paris)<\/li>\n<\/ul>\n<p><a href=\"https:\/\/www.fdss.be\/wp-content\/uploads\/VolontariatCombo.pdf\">Compte-rendu<\/a><\/p>\n<p><\/div>\n<div class=\"title_code\">Journ\u00e9e d\u2019\u00e9tude (2002). \u00ab L\u2019\u00e9tat social actif. Un concept lib\u00e9ral pour un social \u00e0 la marge ? \u00bb<\/div>\n        <div class=\"content_code\"><\/p>\n<p><a href=\"https:\/\/www.fdss.be\/wp-content\/uploads\/EtatSocialActif.pdf\"><span style=\"color: #0085a1;\"><span style=\"caret-color: #0085a1;\">Compte-rendu<\/span><\/span><\/a><\/p>\n<p><\/div>\n<div class=\"title_code\">Journ\u00e9e d\u2019\u00e9tude (2001) \u00ab R\u00e9formes institutionnelles et politiques sociales \u00bb<\/div>\n        <div class=\"content_code\">\n<p><a href=\"https:\/\/www.fdss.be\/wp-content\/uploads\/ReformInstit.pdf\">Compte-rendu<\/a><\/p>\n<p><\/div><br \/>\n<\/div><\/p>\n","protected":false},"excerpt":{"rendered":"","protected":false},"author":4,"featured_media":0,"parent":343,"menu_order":143,"comment_status":"closed","ping_status":"closed","template":"","meta":{"_acf_changed":false,"footnotes":""},"class_list":["post-13760","page","type-page","status-publish","hentry"],"acf":[],"_links":{"self":[{"href":"https:\/\/www.fdss.be\/nl\/wp-json\/wp\/v2\/pages\/13760","targetHints":{"allow":["GET"]}}],"collection":[{"href":"https:\/\/www.fdss.be\/nl\/wp-json\/wp\/v2\/pages"}],"about":[{"href":"https:\/\/www.fdss.be\/nl\/wp-json\/wp\/v2\/types\/page"}],"author":[{"embeddable":true,"href":"https:\/\/www.fdss.be\/nl\/wp-json\/wp\/v2\/users\/4"}],"replies":[{"embeddable":true,"href":"https:\/\/www.fdss.be\/nl\/wp-json\/wp\/v2\/comments?post=13760"}],"version-history":[{"count":1,"href":"https:\/\/www.fdss.be\/nl\/wp-json\/wp\/v2\/pages\/13760\/revisions"}],"predecessor-version":[{"id":13761,"href":"https:\/\/www.fdss.be\/nl\/wp-json\/wp\/v2\/pages\/13760\/revisions\/13761"}],"up":[{"embeddable":true,"href":"https:\/\/www.fdss.be\/nl\/wp-json\/wp\/v2\/pages\/343"}],"wp:attachment":[{"href":"https:\/\/www.fdss.be\/nl\/wp-json\/wp\/v2\/media?parent=13760"}],"curies":[{"name":"wp","href":"https:\/\/api.w.org\/{rel}","templated":true}]}}