{"id":4069,"date":"2020-04-25T14:02:05","date_gmt":"2020-04-25T12:02:05","guid":{"rendered":"https:\/\/0x1wxbcjat.preview.infomaniak.website\/?page_id=4069"},"modified":"2021-01-21T14:08:01","modified_gmt":"2021-01-21T13:08:01","slug":"covid19-plaidoyer-impact-social","status":"publish","type":"page","link":"https:\/\/www.fdss.be\/fr\/covid19-plaidoyer-impact-social\/","title":{"rendered":"COVID19  &#8211; plaidoyer &#038; impact social"},"content":{"rendered":"<p>Les personnes les plus pr\u00e9caris\u00e9es et les plus fragilis\u00e9es de notre soci\u00e9t\u00e9 paient un tr\u00e8s lourd tribut \u00e0 cette crise. Il est urgent de prendre des mesures visant \u00e0 augmenter les protections sociales, \u00e0 fournir des bons d\u2019achats alimentaires aux plus vuln\u00e9rables, \u00e0 renforcer les moyens d\u2019existence des m\u00e9nages, \u00e0 automatiser l\u2019acc\u00e8s aux droits. Sans rien dire des renforts \u00e0 apporter \u00e0 celles et ceux qui oeuvrent en premi\u00e8re ligne, dans le domaine social et la sant\u00e9 mentale.<\/p>\n<h3>Communiqu\u00e9s, interviews et cartes blanches de la fdss<\/h3>\n<p><strong>Non-recours aux droits sociaux<\/strong><\/p>\n<ul>\n<li>Communiqu\u00e9 : il est de plus en plus difficile d\u2019obtenir les droits auxquels on est \u00e9ligible, le 13 juillet 2020 <a href=\"https:\/\/www.fdss.be\/publication\/communique-il-est-de-plus-en-plus-difficile-dobtenir-les-droits-auxquels-on-est-eligible-12-juillet\/\">&gt;&gt; Lire<\/a><\/li>\n<li>Quand la crise peut freiner l&rsquo;acc\u00e8s aux droits sociaux de ceux qui en ont le plus besoin, RTBF, le 9 juillet 2020 <a href=\"https:\/\/www.rtbf.be\/info\/regions\/detail_quand-la-crise-peut-freiner-l-acces-aux-droits-sociaux-de-ceux-qui-en-ont-le-plus-besoin?id=10539202&amp;fbclid=IwAR1NY2nq_TU7tpdtQihNqcXdS0Gp9spmXX2EqJcYd4eSmRHTP18aXZztS3s\">&gt;&gt; Lire<\/a><\/li>\n<\/ul>\n<p><strong>Aide alimentaire<\/strong><\/p>\n<ul>\n<li>\n<p class=\"article_title\">Sans aide, un Wallon sur dix se coucherait le ventre vide : \u00ab\u00a0Donner des colis aux personnes pauvres rel\u00e8ve d\u2019une \u00e9poque r\u00e9volue\u00a0\u00bb, La Libre, le 11 juillet 2020.<\/p>\n<p><a href=\"https:\/\/www.lalibre.be\/belgique\/societe\/sans-aide-un-wallon-sur-dix-se-coucherait-le-ventre-vide-donner-des-colis-aux-personnes-pauvres-releve-d-une-epoque-evolue-5f0899229978e25031bba86e\">&gt;&gt; Lire<\/a><\/li>\n<li>Les ch\u00e8ques alimentaires, une des solutions raisonnables dans ce contexte, communiqu\u00e9, 28 mai 2020<a href=\"https:\/\/www.fdss.be\/publication\/communique-de-presse-aide-alimentaire\/\"> &gt;&gt; Lire<\/a><\/li>\n<li>Comment se fait-il qu\u2019on distribue encore des colis alimentaires en 2020?, Moustique, mai 2020 <a href=\"https:\/\/www.moustique.be\/26122\/comment-se-fait-il-quon-distribue-encore-des-colis-alimentaires-en-2020\">&gt;&gt; Lire<\/a><\/li>\n<li>Aide alimentaire : il faut des r\u00e9ponses \u00e0 moyen-long terme, La Premi\u00e8re, 13 mai 2020 <a href=\"https:\/\/www.rtbf.be\/auvio\/detail_et-vous-dans-tout-ca?id=2634595&amp;utm_source=rss&amp;utm_medium=feed&amp;fbclid=IwAR0-5lOt1BVkTQAZaSQ9bftc3OxJsaDENWlVw2ngbHbhsKT_ehEibmBwjrc\">&gt;&gt; \u00e9couter<\/a><\/li>\n<li>Le covid-19 montre l\u2019urgence de relocaliser d\u00e8s maintenant les syst\u00e8mes alimentaires, Le Soir, le 12\/04\/2020.\u00a0<a href=\"https:\/\/plus.lesoir.be\/294025\/article\/2020-04-12\/le-covid-19-montre-lurgence-de-relocaliser-des-maintenant-les-systemes\">&gt;&gt; Lire<\/a><\/li>\n<li>Le gouvernement alloue 0,83 \u20ac aux 300.000 personnes qui recourent \u00e0 l\u2019aide alimentaire, le 26\/03\/2020.\u00a0<a href=\"https:\/\/www.fdss.be\/communique-coronavirus-et-aide-alimentaire-des-reponses-inappropriees\/\">&gt;&gt; Lire<\/a><\/li>\n<\/ul>\n<p><strong>Travailleur.euse.s du sexe <\/strong><\/p>\n<ul>\n<li class=\"article_title\">Reconna\u00eetre officiellement la prostitution pour mieux prot\u00e9ger celles et ceux qui l&rsquo;exercent, carte blanche collective cosign\u00e9e par la FdSS, La Libre, le 15 juillet 2020. <a href=\"https:\/\/www.lalibre.be\/debats\/opinions\/comment-mieux-proteger-les-personnes-prostituees-5f0dcb849978e246193f3a4c?fbclid=IwAR3xHFBhE8NGSOP5lFgsXsIWNMK52LKIYKY43eyHEVvwqqyqH_nr9e0JA84\">&gt;&gt; Lire<\/a><\/li>\n<li>Utsopi demande un soutien urgent pour les travailleu(r)ses du sexe en difficult\u00e9, le 17\/03\/2020.\u00a0<a href=\"https:\/\/bx1.be\/news\/lappel-a-laide-des-travailleurs-et-travailleuses-du-sexe-face-a-la-crise\/\">&gt;&gt; Lire<\/a><\/li>\n<\/ul>\n<p><strong>Sans-papiers<\/strong><\/p>\n<ul>\n<li>Lettre au pr\u00e9sident de l\u2019Association des Villes et des Communes de Bruxelles, le 6 juillet 2020 <a href=\"https:\/\/www.fdss.be\/wp-content\/uploads\/2020.07.06-Courrier-Brulocalis.pdf\">&gt;&gt; Lire<\/a><\/li>\n<li>Communiqu\u00e9 : r\u00e9gularisation des sans-papiers, 19 juin 2020\u00a0<a href=\"https:\/\/www.fdss.be\/publication\/communique-situation-des-sans-papiers-19-juin-2020\/\">&gt;&gt; Lire<\/a><\/li>\n<li class=\"page-title\">Une crise qui fragilise (encore plus) les sans-papiers, propositions pour la Wallonie, 13\/05\/2020\u00a0<a href=\"https:\/\/www.fdss.be\/wp-content\/uploads\/Public2520sans-papiers2520du2520secteur2520de2520l25e225802599inte25cc2581gration252025e2258025932520pre25cc2581occupations2520et2520propositions252025e225802593252013-05-2020.pdf\"> &gt;&gt; Lire<\/a><\/li>\n<\/ul>\n<p><strong>Prisons<\/strong><\/p>\n<ul>\n<li>Prisons et sant\u00e9: incompatibles, 25\/03\/2020.\u00a0<a href=\"https:\/\/www.lecho.be\/dossiers\/coronavirus\/prisons-et-sante-incompatibles\/10216763.html\">&gt;&gt; Lire<\/a><\/li>\n<\/ul>\n<p><span style=\"color: #0085a1;\"><b>Pr\u00e9carit\u00e9 \u00e9<\/b><span style=\"color: #0085a1;\"><b>nerg\u00e9tique<\/b><\/span><b> et hydrique<\/b><\/span><\/p>\n<ul>\n<li>Mesures sociales &#8211; Comment limiter la crise pour les personnes pr\u00e9caris\u00e9es, communiqu\u00e9, 16 mars 2020\u00a0<a href=\"https:\/\/www.socialenergie.be\/wp-content\/uploads\/03.16-Communique_16mars.pdf\" target=\"_blank\" rel=\"noopener noreferrer\">&gt;&gt;Lire<\/a><\/li>\n<li>Surendettement des particuliers : des mesures urgentes sont \u00e0 prendre, communiqu\u00e9, 26 mars <a href=\"https:\/\/www.socialenergie.be\/wp-content\/uploads\/03.26-Communiqu%C3%A9-surendettement-1.pdf\" target=\"_blank\" rel=\"noopener noreferrer\">&gt;&gt;Lire<\/a><\/li>\n<li>Note de la FdSS, d&rsquo;Infor GazElec et du RWADE concernant le tarif social et contrat le moins cher <a href=\"https:\/\/www.socialenergie.be\/wp-content\/uploads\/Note-Tarif-social-et-contrat-le-moins-cher-1.pdf\" target=\"_blank\" rel=\"noopener noreferrer\">&gt;&gt;Lire<\/a><\/li>\n<\/ul>\n<p>Pour plus de publications du Centre d&rsquo;Appui SocialEnergie, qui travaille sur les questions de pr\u00e9carit\u00e9 \u00e9nerg\u00e9tique et hydrique, nous vous invitons \u00e0 consulter leur page de <a href=\"https:\/\/www.socialenergie.be\/fr\/retour-sur-les-recommandations-politiques-du-centre-dappui-socialenergie-case-en-periode-de-covid-19\/\" target=\"_blank\" rel=\"noopener noreferrer\">recommandations politiques en p\u00e9riode de COVID-19<\/a>.<\/p>\n<p><strong>Crise &amp; mesures sociales<\/strong><\/p>\n<ul>\n<li>Communiqu\u00e9 : Expuls\u00e9s \u00e0 la rentr\u00e9e pour cause d\u2019impay\u00e9s ?, 31 ao\u00fbt 2020 <a href=\"https:\/\/www.fdss.be\/publication\/expulses-a-la-rentree-pour-cause-dimpayes-31-aout-2020\/\">&gt;&gt; lire<\/a><\/li>\n<li>C\u00e9line Nieuwenhuys -\u00ab\u00a0La crise sociale ? Pour les politiques, ce n\u2019est pas urgent !\u00a0\u00bb &#8211; Interview Le Guide Social, 15 juin 2020 <a href=\"https:\/\/pro.guidesocial.be\/articles\/actualites\/article\/la-crise-sociale-pour-les-politiques-ce-n-est-pas-urgent?fbclid=IwAR2vQgxWPb5_r1N9o3kXdMNI9lZrk7n31yKkU0ZA4IhY5TEpE1NjF_h8ALE\">&gt;&gt; Lire<\/a><\/li>\n<li>Mesures du kern : la justice sociale \u00e0 la trappe, communiqu\u00e9 de presse, 11 juin 2020 <a href=\"https:\/\/www.fdss.be\/publication\/mesures-du-kern-la-justice-sociale-a-la-trappe\/\">&gt;&gt; Lire<\/a><\/li>\n<li>C\u00e9line Nieuwenhuys &#8211; \u201cL\u2019Etat n\u2019a ni de plan pour la deuxi\u00e8me vague ni pour les questions sociales\u201d, interview Bx1, 9 juin 2020. <a href=\"https:\/\/bx1.be\/news\/letat-na-ni-de-plan-pour-la-deuxieme-vague-ni-pour-les-questions-sociales\/\">&gt;&gt; Visionner<\/a><\/li>\n<li>C\u00e9line Nieuwenhuys &#8211; Coronavirus en Belgique : \u00ab\u00a0Des pressions, on en a eu de tous c\u00f4t\u00e9s\u00a0\u00bb, Questions en prime RTBF, 8 juin 2020.<a href=\"https:\/\/www.rtbf.be\/info\/societe\/detail_coronavirus-en-belgique-des-pressions-on-en-a-eu-de-tous-cotes-affirme-celine-nieuwenhuys-experte-membre-du-gees?id=10518147&amp;fbclid=IwAR15s0bYzN1TNwHKne5qKM8gl3grUsmFUMkL90okuI-dM_EJuLL2qpaC4mI\">&gt;&gt; Consulter<\/a><\/li>\n<li>Pour une strat\u00e9gie de d\u00e9confinement qui prenne au s\u00e9rieux toutes les populations, Carte blanche parue dans Le Vif, 5 juin 2020 <a href=\"https:\/\/www.levif.be\/actualite\/belgique\/pour-une-strategie-de-deconfinement-qui-prenne-au-serieux-toutes-les-populations\/article-opinion-1296279.html\">&gt;&gt; Lire<\/a><\/li>\n<li>\u00ab Les travailleurs de la sant\u00e9 et du social ne l\u00e2chent pas, car ils sont inquiets \u00bb, interview pour le Sant\u00e9 Conjugu\u00e9e, 5 juin 2020, <a href=\"https:\/\/www.maisonmedicale.org\/Les-travailleurs-de-la-sante-et-du-social-ne-lachent-pas-car-ils-sont-inquiets.html?fbclid=IwAR0N9-FUQ2VcTq38l7-C3SkTroRE8k-zd5DJounwPNMQ-Du18KOf7LGWDAM\">&gt;&gt; Lire<\/a><\/li>\n<li>C\u00e9line Nieuwenhuys : \u00ab Les questions sociales passent en dernier ! \u00bb, interview dans l&rsquo;Alterecho, 4 juin 2020<a href=\"https:\/\/www.alterechos.be\/celine-nieuwenhuys-les-questions-sociales-passent-en-dernier-2\/?fbclid=IwAR3lwnos3Ul-6kWpkDI0etOsD37QUrN8w13a2p3gBkVED8L2xrvkdj2saNI\"> &gt;&gt; Lire<\/a><\/li>\n<li>Des mesures sociales, maintenant et pour demain !, Carte blanche parue dans Le Soir, 3 juin 2020 <a href=\"https:\/\/plus.lesoir.be\/304702\/article\/2020-06-03\/des-mesures-sociales-maintenant-et-pour-demain\">&gt;&gt; Lire<\/a><\/li>\n<li>C\u00e9line Nieuwenhuys &#8211; \u00ab\u00a0Les CPAS ne vont pas pouvoir, avec l\u2019ensemble du non-marchand, \u00eatre les seuls \u00e0 g\u00e9rer l\u2019ensemble de la pr\u00e9carit\u00e9\u00a0\u00bb. Interview RTL, 23 mai 2020 <a href=\"https:\/\/www.rtl.be\/info\/video\/746822.aspx\">&gt;&gt; visionner<\/a><\/li>\n<li>C\u00e9line Nieuwenhuys &#8211; \u00ab\u00a0La classe politique n&rsquo;a pas encore pris la mesure de l&rsquo;urgence de la crise sociale\u00a0\u00bb, Interview dans L&rsquo;Echo, 22 mai 2020 <a href=\"https:\/\/www.lecho.be\/dossiers\/coronavirus\/celine-nieuwenhuys-la-classe-politique-n-a-pas-encore-pris-la-mesure-de-l-urgence-de-la-crise-sociale\/10228423.html?fbclid=IwAR2vClqtSATgdxVbayGryeZqzKvPRBOvxRnDBEvdsRDIqk83qvs5msQWvMw\">&gt;&gt; Lire<\/a><\/li>\n<li><span style=\"color: #6e6e70;\">C\u00e9line Nieuwenhuys &#8211; Coronavirus en Belgique : apr\u00e8s l&rsquo;\u00e9conomie et les familles, il est temps d&rsquo;aider les plus vuln\u00e9rables,<\/span>\u00a0Interview sur La Premi\u00e8re, 22 mai 2020 <a href=\"https:\/\/www.rtbf.be\/info\/belgique\/detail_coronavirus-en-belgique-apres-l-economie-et-les-familles-il-est-temps-d-aider-les-plus-vulnerables?id=10506800&amp;fbclid=IwAR388dcSCG61lRWV-txds2dLzET7KEDqJCFgWnSlaM-nkSoQ36GnxDCo0OM\">&gt;&gt; visionner<\/a><\/li>\n<li>C\u00e9line Nieuwenhuys &#8211; Groupes de travail impact social et sant\u00e9 mentale au GEES, il est temps que le gouvernement se penche sur leurs recommandations, Interview RTBF, 7 mai 2020 <a href=\"https:\/\/remote.fdss.be\/owa\/redir.aspx?C=P0zhtry6rHxbYVlX3dOaDfEr4jt7bdT83jRJksblKm3ZZNrSU_fXCA..&amp;URL=https%3a%2f%2fwww.facebook.com%2fFdSSFdSSb%2fvideos%2f1337752639764890%2f\">&gt;&gt; visionner<\/a><\/li>\n<li>C\u00e9line Nieuwenhuys &#8211; Il faut des mesures urgentes, la pr\u00e9carit\u00e9 est encore plus difficile en confinement, Interview LN24, 5 mai 2020 <a href=\"https:\/\/www.ln24.be\/2020-05-06\/il-faut-des-mesures-urgentes-la-precarite-est-encore-plus-difficile-en-confinement?fbclid=IwAR1ELp68Lx3UCKKcs09QVhL9Qrtbxsk3_0zxKCswGqa1H9g8muJZO1QLreM\">&gt;&gt; visionner<\/a><\/li>\n<li>C\u00e9line Nieuwenhuys &#8211; Covid-19 : peu de mesures sociales, car le gouvernement est davantage mis sous pression par le monde \u00e9conomique, Interview RTBF, 27\/04\/2020. <a href=\"https:\/\/www.rtbf.be\/info\/belgique\/detail_covid-19-pas-encore-de-mesures-sociales-car-la-pression-n-est-pas-assez-forte-sur-le-gouvernement-estime-celine-nieuwenhuys-federation-des-services-sociaux?id=10490187\">&gt;&gt; consulter<\/a><\/li>\n<li>CQFD : D\u00e9confinement : l&rsquo;\u00e9conomie avant l&rsquo;humain et le social ?, RTBF,\u00a027\/04\/2020.\u00a0<a href=\"https:\/\/www.rtbf.be\/info\/societe\/detail_deconfinement-l-economie-avant-l-humain-et-le-social?id=10490248\">&gt;&gt; visionner<\/a><\/li>\n<li>R\u00e9action \u00e0 la conf\u00e9rence de presse de la Premi\u00e8re Ministre du 24 avril, le 25 avril 2020.\u00a0<a href=\"https:\/\/www.facebook.com\/FdSSFdSSb\/posts\/2475921289387426\"> &gt;&gt; Lire<\/a><\/li>\n<li>Services sociaux : de vrais moyens, dignes de l&rsquo;enjeu !, Libres Ensemble, 20\/04\/2020.\u00a0<a href=\"https:\/\/youtu.be\/-yv609A607A\">&gt;&gt; visionner<\/a><\/li>\n<li>GEES : Pr\u00e9sentation sur l&rsquo;impact social de la crise (ppt) <a href=\"https:\/\/www.fdss.be\/wp-content\/uploads\/Impact20social.pptx\">&gt;&gt; T\u00e9l\u00e9charger<\/a><\/li>\n<li>Surendettement\u00a0des particuliers : des mesures urgentes sont \u00e0 prendre, 26\/03\/2020.\u00a0<a href=\"https:\/\/www.fdss.be\/covid19-surendettement-des-particuliers-des-mesures-urgentes-sont-a-prendre\/\">&gt;&gt; Lire<\/a><\/li>\n<li>C\u00e9line Nieuwenhuys &#8211; Une crise humanitaire, La 1\u00e8re, 24\/03\/2020. <a href=\"https:\/\/www.facebook.com\/watch\/?v=2769146616466138\">&gt;&gt; \u00e9couter<\/a><\/li>\n<li class=\"entry-title\">To leave no one behind: attention et soutien aux personnes en situation de pauvret\u00e9 et de pr\u00e9carit\u00e9 dans le cadre des mesures relatives au COVID-19 <a href=\"https:\/\/www.luttepauvrete.be\/to-leave-no-one-behind-attention-et-soutien-aux-personnes-en-situation-de-pauvrete-et-de-precarite-dans-le-cadre-des-mesures-relatives-au-covid-19\/?fbclid=IwAR3BltrB1ElNy2ox_bB6Mx_qTvrNRjeBfq66ae8cAxHbsv2yAYlaIf_JJ_8\">&gt;&gt; Lire<\/a><\/li>\n<li class=\"article_title\">Coronavirus : voici les recommandations concr\u00e8tes des organisations de lutte contre la mis\u00e8re pour soutenir les personnes en situation de pauvret\u00e9, le 23\/03\/2020.\u00a0<a href=\"https:\/\/www.lalibre.be\/debats\/opinions\/coronavirus-voici-les-recommandations-concretes-des-organisations-de-lutte-contre-la-misere-pour-soutenir-les-personnes-en-situation-de-pauvrete-5e788fff9978e201d8c94c34\">&gt;&gt; Lire<\/a><\/li>\n<li>Carte blanche: L\u2019appel des pauvres et des pr\u00e9caires face au coronavirus, le 19\/03\/2020.\u00a0<a href=\"https:\/\/remote.fdss.be\/owa\/redir.aspx?C=4Ld0QHL8fOoOh7CncuO2pA-7jez45ABW-B27eEqiQUF1DwFyv8zXCA..&amp;URL=https%3a%2f%2fplus.lesoir.be%2f288600%2farticle%2f2020-03-19%2fcarte-blanche-lappel-des-pauvres-et-des-precaires-face-au-coronavirus\" target=\"_blank\" rel=\"noopener noreferrer\">&gt;&gt; Lire<\/a><\/li>\n<li>Mesures sociales \u00e9nergie et eau \u2013 Comment limiter la crise pour les personnes pr\u00e9caris\u00e9es ?, le 17\/03\/2020.\u00a0<a href=\"https:\/\/www.socialenergie.be\/fr\/communique-mesures-sociales-comment-limiter-la-crise-pour-les-personnes-precarisees\/\">&gt;&gt; Lire<\/a><\/li>\n<li>Covid-19 \u2013 les enjeux sociaux de la crise sanitaire, le 14\/03\/2020.\u00a0<a href=\"https:\/\/www.fdss.be\/covid-19-les-enjeux-sociaux-de-la-crise-sanitaire\/\">&gt;&gt; Lire<\/a><\/li>\n<\/ul>\n<p><strong>\u00a0Num\u00e9ro vert d&rsquo;urgence sociale (BXL)<\/strong><\/p>\n<ul>\n<li>Bilan des appels entre le 6 juillet et le 23 octobre\u00a0<a href=\"https:\/\/www.fdss.be\/wp-content\/uploads\/Bilan20des20appels20No20vert2008003524320Du2006072020au20231020.pdf\">&gt;&gt; Consulter<\/a><\/li>\n<li>Bilan des appels entre le 30 mars et le 26 juin <a href=\"https:\/\/www.fdss.be\/publication\/numero-vert-durgence-sociale-bruxellois-dossier-de-presse-2\/\">&gt;&gt; dossier de presse<\/a><\/li>\n<li>En (premi\u00e8re) ligne face aux urgences sociales, Alterechos, le 11 juillet 2020 <a href=\"https:\/\/www.alterechos.be\/en-premiere-ligne-face-aux-urgence-sociales\/?fbclid=IwAR3W6WLNPWmzQztu7bJahwbmTvSCtAO2x1GNf281yyNv5smMUL4DNt4WonE\">&gt;&gt; Lire<\/a><\/li>\n<li><span style=\"color: #6e6e70;\">Reportage : A Bruxelles, la crise sanitaire acc\u00e9l\u00e8re un basculement dans la pauvret\u00e9, RTBF, 28 mai 2020\u00a0<\/span>\u00a0<a href=\"https:\/\/www.rtbf.be\/info\/regions\/bruxelles\/detail_a-bruxelles-la-crise-sanitaire-accelere-un-basculement-dans-la-pauvrete?id=10510513&amp;fbclid=IwAR2G_fMvQm7c-gWxPA5-5Lbf1RqgR7D0Ecf6ntE0POjF4y4ywb5EOpZ1mXk\">&gt;&gt; Consulter<\/a><\/li>\n<li>Interview sur le plateau de la RTBF, avril 2020\u00a0<a href=\"https:\/\/www.youtube.com\/watch?v=JOYLdVFrSsc\">&gt;&gt; Visionner<\/a><\/li>\n<li>Urgence sociale : reportage au sein du num\u00e9ro vert \u00e0 Bruxelles, 16\/04\/2020. &gt;&gt; <a href=\"https:\/\/www.facebook.com\/FdSSFdSSb\/videos\/230439988021503\/\">Visionner<\/a><\/li>\n<li>Dans les coulisses du num\u00e9ro vert d&rsquo;urgence sociale 31\/03\/2020\u00a0<a href=\"https:\/\/www.dhnet.be\/regions\/bruxelles\/dans-les-coulisses-du-numero-vert-d-urgence-sociale-les-questions-fusent-dans-tous-les-sens-5e834ada9978e228414239ce\">&gt;&gt; Consulter<\/a><\/li>\n<\/ul>\n<p><strong>Autres focus<\/strong><\/p>\n<ul>\n<li>Emission colloque-live \u00ab\u00a0Distances sociales\u00a0\u00bb, 3 juillet 2020 <a href=\"https:\/\/www.fdss.be\/event\/distances-sociales\/\">&gt;&gt; Visionner<\/a><\/li>\n<li>Task forces\u2019story, Alterechos, 1<sup>er<\/sup> juillet 2020 <a href=\"https:\/\/www.alterechos.be\/task-forces-story\/\">&gt;&gt; Lire<\/a><\/li>\n<li>Emission colloque-live \u00ab\u00a0PremierMAI2020 &#8211; Faites le travail!\u00a0\u00bb, 1er mai 2020\u00a0<a href=\"https:\/\/www.fdss.be\/event\/premiermai2020-faites-le-travail\/\"> &gt;&gt;Visionner\u00a0<\/a><\/li>\n<li>Edito Le Lien Social #30 avril 2020 <a href=\"https:\/\/mailchi.mp\/fdss\/le-lien-social-30\">&gt;&gt; Lire<\/a><\/li>\n<li>L\u2019aust\u00e9rit\u00e9 et la commercialisation fragilisent nos syst\u00e8mes de sant\u00e9. des rem\u00e8des existent!, le 6\/04\/2020.\u00a0<a href=\"https:\/\/www.fdss.be\/publication\/lausterite-et-la-commercialisation-fragilisent-nos-systemes-de-sante-des-remedes-existent-carte-blanche\/\">&gt;&gt; Lire<\/a><\/li>\n<li>Aux associations et relais de quartier : solidaires pour construire un autre possible, le 2\/04\/2020.\u00a0<a href=\"https:\/\/www.fdss.be\/aux-associations-et-relais-de-quartier-solidaires-pour-construire-un-autre-possible\/\">&gt;&gt; Lire<\/a><\/li>\n<li class=\"p2\">G\u00e9rer l\u2019urgence\u2026puis r\u00e9inventer l\u2019avenir, le 1\/04\/2020.\u00a0<a href=\"https:\/\/www.fdss.be\/publication\/gerer-lurgence-puis-reinventer-lavenir\/\">&gt;&gt; Lire<\/a><\/li>\n<\/ul>\n<h3>Analyses de la fdss<\/h3>\n<p><strong>La crise n&rsquo;est pas que sanitaire (article paru dans La Revue Nouvelle)<\/strong><\/p>\n<p>Les personnes les plus pr\u00e9caris\u00e9es et les plus fragilis\u00e9es de notre soci\u00e9t\u00e9 paient un tr\u00e8s lourd tribut \u00e0 cette crise. Les organisations du secteur tentent malgr\u00e9 tout de r\u00e9pondre aux demandes et besoins de leurs publics. Coup de sonde sur les cons\u00e9quences sociales de la pand\u00e9mie aupr\u00e8s des services sociaux.<\/p>\n<p>Auteures : Maisin Charlotte,\u00a0Lotte Damhuis,\u00a0Alexia Serr\u00e9 \u00a0(<a href=\"https:\/\/www.fdss.be\/recherchaction\/a-propos\/\">Recherch&rsquo;action<\/a>\u00a0&#8211; FdSS)<\/p>\n<p><a class=\"button\" href=\"https:\/\/www.revuenouvelle.be\/La-crise-n-est-pas-que-sanitaire?fbclid=IwAR22IQ8ZV2heCSsT0zaY343AKBqMshKywBjYCwMroDk0D9HVcmZ0gbNzQvI\">Consulter<\/a><\/p>\n<p>&nbsp;<\/p>\n<h3>Contributions externes soutenues par la FdSS<\/h3>\n<div class=\"page\" title=\"Page 3\">\n<div class=\"layoutArea\">\n<div class=\"column\">\n<ul>\n<li>Proposition de m\u00e9canisme d&rsquo;octroi d&rsquo;un titre de s\u00e9jour aux personnes en s\u00e9jour irr\u00e9gulier\u00a0<a href=\"https:\/\/www.fdss.be\/wp-content\/uploads\/21.04.2020-Note-9bis-FR.pdf\">&gt;&gt; Consulter<\/a><\/li>\n<li>Carte blanche et recommandations de la Ligue des droits humains <a href=\"http:\/\/www.liguedh.be\/wp-content\/uploads\/2020\/05\/DESC_CPCORONA.pdf?fbclid=IwAR3dBa17ONIs6DdNHO6WCWWZYiFm1LdaBnLm4JD0SUWTUwsP1bid0OMkaWw\">&gt;&gt; Lire<\/a><\/li>\n<li>Note du R\u00e9seau Wallon de Lutte contre la Pauvret\u00e9 pour soutenir les populations plus vuln\u00e9rables<br \/>\n<a href=\"http:\/\/www.rwlp.be\/index.php\/action-politique\/recommandations\/966-covid-19-travail-chomage-pertes-de-revenus-les-meilleures-intentions-peuvent-contenir-leurs-lots-d-inegalites-et-d-oublie-e-s-ou-les-renforcer\">&gt;&gt; Consulter<\/a><\/li>\n<\/ul>\n<\/div>\n<\/div>\n<\/div>\n<h3><\/h3>\n<h3>Rapports externes<\/h3>\n<ul>\n<li>Publications de la task force \u00ab\u00a0Groupes vuln\u00e9rables\u00a0\u00bb (fiches, synth\u00e8ses, notes&#8230;) <a href=\"https:\/\/www.mi-is.be\/fr\/outils-cpas\/task-force-groupes-vulnerables\">&gt;&gt; Consulter<\/a><\/li>\n<li class=\"mb-3\">Contribution du BAPN \u00e0 la taskforce interf\u00e9d\u00e9rale \u201cGroupes vuln\u00e9rables\u201d, juin 2020 <a href=\"https:\/\/www.bapn.be\/message\/contribution-de-bapn-au-taskforce-interfederal-groupes-vulnerables?fbclid=IwAR0GZkaV2FvHDgvph93WBDZqyoQ4VQha-5vKeuKeFQc8PoXYF51yo3aZ47Y\">&gt;&gt; Consulter<\/a><\/li>\n<\/ul>\n<div class=\"page\" title=\"Page 3\">\n<div class=\"layoutArea\">\n<div class=\"column\">\n<ul>\n<li>Aper\u00e7u des mesures COVID-19, en soutien aux situations de pauvret\u00e9 et de pr\u00e9carit\u00e9 (mise \u00e0 jour 3 juillet 2020)<br \/>\nPar le Service de lutte contre la pauvret\u00e9, la pr\u00e9carit\u00e9 et l&rsquo;exclusion sociale.<br \/>\n<a href=\"https:\/\/www.luttepauvrete.be\/themes\/covid-19\/\">&gt;&gt; Consulter<\/a><\/li>\n<li>Apport des 123 experts acad\u00e9miques pour le d\u00e9confinement<br \/>\n<a href=\"https:\/\/www.cartaacademica.org\/post-covid\">&gt;&gt; Consulter<\/a><\/li>\n<li>Bureau du plan : Crise du COVID-19 :\u00a0quel impact sur le bien-\u00eatre des Belges ?<br \/>\n<a href=\"https:\/\/www.plan.be\/press\/communique-1986-fr-covid+19+et+bien+etre+quels+sont+les+groupes+vulnerables\">&gt;&gt; Le communiqu\u00e9<\/a><br \/>\n<a href=\"https:\/\/www.plan.be\/uploaded\/documents\/202004290925290.REP_BIEN-ETRE_COVID-19_12141.pdf\">&gt;&gt; Le rapport<\/a><\/li>\n<\/ul>\n<\/div>\n<\/div>\n<\/div>\n<p>&nbsp;<\/p>\n<div class=\"page\" title=\"Page 3\">\n<div class=\"layoutArea\">\n<div class=\"column\">\n<p>&nbsp;<\/p>\n<\/div>\n<\/div>\n<\/div>\n<p>&nbsp;<\/p>\n<div id=\"ConnectiveDocSignExtentionInstalled\" data-extension-version=\"1.0.4\"><\/div>\n<div id=\"ConnectiveDocSignExtentionInstalled\" data-extension-version=\"1.0.4\"><\/div>\n","protected":false},"excerpt":{"rendered":"<p>Les personnes les plus pr\u00e9caris\u00e9es et les plus fragilis\u00e9es de notre soci\u00e9t\u00e9 paient un tr\u00e8s lourd tribut \u00e0 cette crise. Il est urgent de prendre des mesures visant \u00e0 augmenter les protections sociales, \u00e0 fournir des bons d\u2019achats alimentaires aux plus vuln\u00e9rables, \u00e0 renforcer les moyens d\u2019existence des m\u00e9nages, \u00e0 automatiser l\u2019acc\u00e8s aux droits. Sans [&hellip;]<\/p>\n","protected":false},"author":4,"featured_media":0,"parent":0,"menu_order":46,"comment_status":"closed","ping_status":"closed","template":"","meta":{"_acf_changed":false,"footnotes":""},"class_list":["post-4069","page","type-page","status-publish","hentry"],"acf":[],"_links":{"self":[{"href":"https:\/\/www.fdss.be\/fr\/wp-json\/wp\/v2\/pages\/4069","targetHints":{"allow":["GET"]}}],"collection":[{"href":"https:\/\/www.fdss.be\/fr\/wp-json\/wp\/v2\/pages"}],"about":[{"href":"https:\/\/www.fdss.be\/fr\/wp-json\/wp\/v2\/types\/page"}],"author":[{"embeddable":true,"href":"https:\/\/www.fdss.be\/fr\/wp-json\/wp\/v2\/users\/4"}],"replies":[{"embeddable":true,"href":"https:\/\/www.fdss.be\/fr\/wp-json\/wp\/v2\/comments?post=4069"}],"version-history":[{"count":56,"href":"https:\/\/www.fdss.be\/fr\/wp-json\/wp\/v2\/pages\/4069\/revisions"}],"predecessor-version":[{"id":4965,"href":"https:\/\/www.fdss.be\/fr\/wp-json\/wp\/v2\/pages\/4069\/revisions\/4965"}],"wp:attachment":[{"href":"https:\/\/www.fdss.be\/fr\/wp-json\/wp\/v2\/media?parent=4069"}],"curies":[{"name":"wp","href":"https:\/\/api.w.org\/{rel}","templated":true}]}}