{"id":3643,"date":"2020-03-19T15:46:48","date_gmt":"2020-03-19T14:46:48","guid":{"rendered":"https:\/\/0x1wxbcjat.preview.infomaniak.website\/?page_id=3643"},"modified":"2020-07-14T11:34:54","modified_gmt":"2020-07-14T09:34:54","slug":"covid-19-activite-des-services-sociaux","status":"publish","type":"page","link":"https:\/\/www.fdss.be\/fr\/covid-19-activite-des-services-sociaux\/","title":{"rendered":"COVID-19 : Activit\u00e9 des services sociaux"},"content":{"rendered":"<p>&nbsp;<\/p>\n<p><strong>Suite aux mesures prises par les autorit\u00e9s, les services sociaux ont adapt\u00e9 leurs services afin d&rsquo;assurer leur mission d&rsquo;aide aux personnes tout en luttant contre la propagation du coronavirus. Dans le but d&rsquo;\u00e9viter les contacts physiques, les permanences t\u00e9l\u00e9phoniques sont privil\u00e9gi\u00e9es. Vous trouverez dans le document ci-dessous\u00a0les informations concernant ces permanences et l&rsquo;activit\u00e9 des services.<\/strong><\/p>\n<p><a class=\"button\" href=\"https:\/\/docs.google.com\/spreadsheets\/d\/1QtvWmZEZmg41BFoBLHO2jEmOBXDKiiwDZQLIOkUnGpM\/edit?usp=sharing\">&gt;&gt; Activit\u00e9 des services sociaux bruxellois <\/a><\/p>\n<p><a class=\"button\" href=\"https:\/\/docs.google.com\/spreadsheets\/d\/1Ab33o0Hg2NXLzayMTQ0FoywQWDufqSslLWuq8EsUhmg\/edit#gid=0\">&gt;&gt; Activit\u00e9 des services sociaux wallons<\/a><\/p>\n<p>&nbsp;<\/p>\n<h3>Autres infos<\/h3>\n<p align=\"justify\"><div class=\"title_code\">Information g\u00e9n\u00e9rale<\/div>\n        <div class=\"content_code\"><\/p>\n<p><a href=\"https:\/\/remote.fdss.be\/owa\/redir.aspx?C=LtKnFO5UPfafRxrUK5KecSYFqbMZStUNGA6KO13dI_d1DwFyv8zXCA..&amp;URL=http%3a%2f%2fwww.info-coronavirus.be\" target=\"_blank\" rel=\"noopener noreferrer\">Info-coronavirus<\/a><\/p>\n<p>Num\u00e9ro d\u2019information du centre de crise : 0800\/14.689<\/p>\n<p>Voir les fiches infos multilingues concernant les mesures de pr\u00e9cautions (par le <a href=\"https:\/\/setisw.com\/infos-coronavirus\/\">Setisw<\/a>, service d\u2019interpr\u00e9tariat en milieu social)<\/p>\n<p><a href=\"https:\/\/setisw.com\/wp-content\/uploads\/2020\/03\/infocoronavirus-albanais-1.pdf\" data-slimstat=\"3\">Albanais<\/a>\u00a0&#8211;\u00a0<a href=\"https:\/\/setisw.com\/wp-content\/uploads\/2020\/03\/infocoronavirus-anglais.pdf\" data-slimstat=\"3\">Anglais<\/a>\u00a0&#8211;\u00a0<a href=\"https:\/\/setisw.com\/wp-content\/uploads\/2020\/03\/infocoronavirus-Arabe.pdf\" data-slimstat=\"3\">Arabe<\/a>\u00a0&#8211; <a href=\"https:\/\/setisw.com\/wp-content\/uploads\/2020\/03\/infocoronavirus-Dari.pdf\" data-slimstat=\"3\">Dari<\/a>\u00a0&#8211;\u00a0<a href=\"https:\/\/setisw.com\/wp-content\/uploads\/2020\/03\/infocoronavirus-espagnol.pdf\" data-slimstat=\"3\">Espagnol<\/a>\u00a0&#8211; <a href=\"https:\/\/setisw.com\/wp-content\/uploads\/2020\/03\/infocoronavirus-farsi.pdf\" data-slimstat=\"3\">Farsi<\/a>\u00a0&#8211; <a href=\"https:\/\/setisw.com\/wp-content\/uploads\/2020\/03\/infocoronavirus-fran%C3%A7ais.pdf\" data-slimstat=\"3\">Fran\u00e7ais<\/a>\u00a0&#8211; <a href=\"https:\/\/setisw.com\/wp-content\/uploads\/2020\/03\/infocoronavirus-Pachto.pdf\" data-slimstat=\"3\">Pachto<\/a>\u00a0&#8211; <a href=\"https:\/\/setisw.com\/wp-content\/uploads\/2020\/03\/infocoronavirus-russe.pdf\" data-slimstat=\"3\">Russe<\/a>\u00a0&#8211; <a href=\"https:\/\/setisw.com\/wp-content\/uploads\/2020\/03\/infocoronavirus-somali-1.pdf\" data-slimstat=\"3\">Somali<\/a>\u00a0&#8211; <a href=\"https:\/\/setisw.com\/wp-content\/uploads\/2020\/03\/infocoronavirus-swahili.pdf\" data-slimstat=\"3\">Swahili<\/a>\u00a0&#8211;<a href=\"https:\/\/setisw.com\/wp-content\/uploads\/2020\/03\/infocoronavirus-turc.pdf\" data-slimstat=\"3\">Turc<\/a><\/p>\n<p><\/div><\/p>\n<p align=\"justify\"><div class=\"title_code\">Aide alimentaire<\/div>\n        <div class=\"content_code\"><\/p>\n<p><a href=\"https:\/\/remote.fdss.be\/owa\/redir.aspx?C=VoU8Bha377CHZ3GTha3rUAOMfnfJHGu6pyfhmo0DzHx1DwFyv8zXCA..&amp;URL=https%3a%2f%2fwww.fdss.be%2ffr%2frepertoire-de-l-aide-alimentaire%2f\" target=\"_blank\" rel=\"noopener noreferrer\">Etat des lieux des services d\u2019aide alimentaire<\/a><br \/>\n<em>Epiceries sociales, restaurants sociaux, colis alimentaires<\/em><br \/>\n<em>Mise \u00e0 jour par la Concertation Aide Alimentaire (F\u00e9d\u00e9ration des Services Sociaux)<\/em><\/p>\n<p><a href=\"https:\/\/www.fdss.be\/covid19-secteur-de-laide-alimentaire\/\">Informations pour le secteur<\/a><\/p>\n<p>Groupe Facebook priv\u00e9 <a href=\"https:\/\/remote.fdss.be\/owa\/redir.aspx?C=U091axHZwFEKZQW4PZha2AWpJI0YlA-9bU-TNGIigH11DwFyv8zXCA..&amp;URL=https%3a%2f%2fwww.facebook.com%2fgroups%2f322325848727178%2f\" target=\"_blank\" rel=\"noopener noreferrer\">Aide Alimentaire : Entraide et bonnes pratiques (COVID-19)<\/a><\/p>\n<p><\/div><\/p>\n<div class=\"title_code\">Sans-abris<\/div>\n        <div class=\"content_code\"><\/p>\n<p><a href=\"https:\/\/remote.fdss.be\/owa\/redir.aspx?C=ytF2gSQs8kXkhVjcsT3oYf51UCUaHWyJ1PiT9Ac8D3R1DwFyv8zXCA..&amp;URL=https%3a%2f%2fwww.ama.be%2fcoronavirus-etat-des-lieux-du-secteur-sans-abri%2f\" target=\"_blank\" rel=\"noopener noreferrer\">\u00c9tat des lieux de l\u2019aide aux personnes sans-abris\u00a0<\/a><br \/>\n<em>Mise \u00e0 jour par la F\u00e9d\u00e9ration des maisons d\u2019accueil et des services d\u2019aide aux sans-abri (AMA)<br \/>\n<\/em><\/p>\n<p><a href=\"https:\/\/coronaviruslesoublies.be\">Monitoring<\/a><\/p>\n<p><\/div>\n<div class=\"title_code\">Secteur social de l'\u00e9nergie et de l'eau<\/div>\n        <div class=\"content_code\"><\/p>\n<p><a href=\"https:\/\/www.socialenergie.be\/fr\/covid-energie-actus\/\">Etat des lieux du secteur social de l\u2019\u00e9nergie et de l\u2019eau<\/a><br \/>\n<em>Mise \u00e0 jour par le Centre d&rsquo;Appui SocialEnergie (F\u00e9d\u00e9ration des Services Sociaux)<\/em><\/p>\n<p><\/div>\n<div class=\"title_code\">Aide et soins \u00e0 Bruxelles<\/div>\n        <div class=\"content_code\"><\/p>\n<p><a href=\"https:\/\/lbfsm.be\/hors-menu\/covid-19-les-differents-services-d-aides-et-de-soins-bruxellois.html\">Etat des lieux des services d&rsquo;aide et de soins bruxellois<\/a><br \/>\n<em>Mise \u00e0 jour par la Ligue Bruxelloise Francophone pour la Sant\u00e9 Mentale<\/em><\/p>\n<p><a href=\"https:\/\/www.cbcs.be\/L-organisation-de-l-ambulatoire-durant-le-confinement?fbclid=IwAR0KhGQSTLMb_KCivE9CwGXB3E38bY7PBbiskcz-40SmI4TQnvMmtdtJkYM\">Etat des lieux de l&rsquo;ambulatoire bruxellois<\/a><br \/>\nMise \u00e0 jour par le CBCS (Conseil Bruxellois de Coordination Socio politique)<\/p>\n<p><a href=\"https:\/\/social.brussels\">Bruxelles Social<\/a><\/p>\n<p><a href=\"https:\/\/www.cbcs.be\/Migrants-sans-abri-violence-contre-les-femmes-mesures-dans-la-Region-de\">Migrants, sans-abri, violence contre les femmes : mesures dans la R\u00e9gion de Bruxelles-Capitale<\/a><\/p>\n<p><\/div>\n<div class=\"title_code\">Autres secteurs<\/div>\n        <div class=\"content_code\"><\/p>\n<p><a href=\"https:\/\/www.maisonmedicale.org\/-Coronavirus-.html\">Maisons m\u00e9dicales<\/a><\/p>\n<p><a href=\"https:\/\/feditobxl.be\/fr\/2020\/03\/covid-19-etat-des-lieux-des-services-daide-aux-usagers-de-drogues\/\">Services d&rsquo;aide aux toxicomanes \u00e0 Bruxelles<\/a><\/p>\n<p><a href=\"http:\/\/www.mediationdedettes.be\/Ou-trouver-un-service-de-mediation-de-dettes\">M\u00e9diation de dettes \u00e0 Bruxelles<\/a><\/p>\n<p><a href=\"http:\/\/www.fcppf.be\/coronavirus-fonctionnements-des-centres-de-planning-familiaux\/\">Centres de planning familial (FCPPF)<\/a><\/p>\n<p><a href=\"https:\/\/www.planningfamilial.net\/news-details\/?uid=1111\">Centres de planning familial (FLCPF)<\/a><\/p>\n<p><a href=\"https:\/\/utsopi.be\">Travailleurs.euse.s du sexe<\/a><\/p>\n<p><a href=\"https:\/\/coronaviruslesoublies.be\">Monitoring : https:\/\/coronaviruslesoublies.be\u00a0<\/a><\/p>\n<ul>\n<li><a href=\"https:\/\/coronaviruslesoublies.be\/#abri\">Les personnes sans-abri<\/a><\/li>\n<li><a href=\"https:\/\/coronaviruslesoublies.be\/#sejour\">Les \u00e9trangers en s\u00e9jours pr\u00e9caires<\/a><\/li>\n<li><a href=\"https:\/\/coronaviruslesoublies.be\/#asile\">Enregistrement et accueil des demandeurs d\u2019asile<\/a><\/li>\n<li><a href=\"https:\/\/coronaviruslesoublies.be\/#ferme\">Les d\u00e9tenus en centres ferm\u00e9s<\/a><\/li>\n<li><a href=\"https:\/\/coronaviruslesoublies.be\/#prison\">Les d\u00e9tenus en prisons<\/a><\/li>\n<\/ul>\n<p><\/div>\n<div class=\"title_code\">Solidarit\u00e9 citoyenne<\/div>\n        <div class=\"content_code\"><\/p>\n<p><a href=\"https:\/\/remote.fdss.be\/owa\/redir.aspx?C=i3Sp7mKBgzwkOALBrWNkkX4ALJSH30hLgIw4x4Hr-QB1DwFyv8zXCA..&amp;URL=http%3a%2f%2fcovid-solidarity.org%2ffr.html\" target=\"_blank\" rel=\"noopener noreferrer\">Site pour des coups de main aux voisins (Belgique)<\/a><\/p>\n<p><a href=\"https:\/\/remote.fdss.be\/owa\/redir.aspx?C=LLUliT2HFm-pYIXA9AFopMGBrQNVQLuMvY7PPmK8Mdd1DwFyv8zXCA..&amp;URL=https%3a%2f%2fsolidair.brussels%2f\" target=\"_blank\" rel=\"noopener noreferrer\">Page Bruxelles solidaires (Bruxelles)<\/a><\/p>\n<p><a href=\"https:\/\/remote.fdss.be\/owa\/redir.aspx?C=G5hAHzZJbjvwBCSGefUJ6Dm0lBNDuprHNzhamztQhq91DwFyv8zXCA..&amp;URL=https%3a%2f%2fwww.facebook.com%2fgroups%2f623125888540069%2f\" target=\"_blank\" rel=\"noopener noreferrer\">Groupe de solidarit\u00e9 citoyenne sur Facebook (Bruxelles)<\/a><\/p>\n<p><a href=\"https:\/\/remote.fdss.be\/owa\/redir.aspx?C=0oOATk9jOTGzHeoiK-_og3uYbBcI8fQ3vreeSqAWoNt1DwFyv8zXCA..&amp;URL=https%3a%2f%2fwww.facebook.com%2fgroups%2f2819175348165665%2f\" target=\"_blank\" rel=\"noopener noreferrer\">Groupe de solidarit\u00e9 citoyenne sur Facebook (Li\u00e8ge)<\/a><\/p>\n<p><a href=\"http:\/\/helpify.community\/\">http:\/\/helpify.community\/<\/a><\/p>\n<p><\/div>\n<div class=\"title_code\">Plaidoyer<\/div>\n        <div class=\"content_code\"><\/p>\n<p><a href=\"https:\/\/www.fdss.be\/covid19-plaidoyer-impact-social\/\">A consulter ici<\/a><\/p>\n<p><\/div>\n","protected":false},"excerpt":{"rendered":"<p>&nbsp; Suite aux mesures prises par les autorit\u00e9s, les services sociaux ont adapt\u00e9 leurs services afin d&rsquo;assurer leur mission d&rsquo;aide aux personnes tout en luttant contre la propagation du coronavirus. Dans le but d&rsquo;\u00e9viter les contacts physiques, les permanences t\u00e9l\u00e9phoniques sont privil\u00e9gi\u00e9es. Vous trouverez dans le document ci-dessous\u00a0les informations concernant ces permanences et l&rsquo;activit\u00e9 des [&hellip;]<\/p>\n","protected":false},"author":4,"featured_media":0,"parent":0,"menu_order":48,"comment_status":"closed","ping_status":"closed","template":"","meta":{"_acf_changed":false,"footnotes":""},"class_list":["post-3643","page","type-page","status-publish","hentry"],"acf":[],"_links":{"self":[{"href":"https:\/\/www.fdss.be\/fr\/wp-json\/wp\/v2\/pages\/3643","targetHints":{"allow":["GET"]}}],"collection":[{"href":"https:\/\/www.fdss.be\/fr\/wp-json\/wp\/v2\/pages"}],"about":[{"href":"https:\/\/www.fdss.be\/fr\/wp-json\/wp\/v2\/types\/page"}],"author":[{"embeddable":true,"href":"https:\/\/www.fdss.be\/fr\/wp-json\/wp\/v2\/users\/4"}],"replies":[{"embeddable":true,"href":"https:\/\/www.fdss.be\/fr\/wp-json\/wp\/v2\/comments?post=3643"}],"version-history":[{"count":35,"href":"https:\/\/www.fdss.be\/fr\/wp-json\/wp\/v2\/pages\/3643\/revisions"}],"predecessor-version":[{"id":4459,"href":"https:\/\/www.fdss.be\/fr\/wp-json\/wp\/v2\/pages\/3643\/revisions\/4459"}],"wp:attachment":[{"href":"https:\/\/www.fdss.be\/fr\/wp-json\/wp\/v2\/media?parent=3643"}],"curies":[{"name":"wp","href":"https:\/\/api.w.org\/{rel}","templated":true}]}}