{"id":33,"date":"2018-07-30T12:08:51","date_gmt":"2018-07-30T10:08:51","guid":{"rendered":"http:\/\/ry0xytcrk.preview.infomaniak.website\/?page_id=33"},"modified":"2025-08-18T09:52:00","modified_gmt":"2025-08-18T07:52:00","slug":"representation-patronale","status":"publish","type":"page","link":"https:\/\/www.fdss.be\/fr\/membres\/representation-patronale\/","title":{"rendered":"Coordination et repr\u00e9sentation des membres"},"content":{"rendered":"<p>Les services membres de la FdSS sont des associations professionnelles qui emploient du personnel salari\u00e9. Ils sont donc tenus de respecter leurs obligations d\u2019employeurs.<\/p>\n<p>Afin d\u2019aider ses membres \u00e0 faire face \u00e0 ces obligations, la FdSS poursuit une mission de conseil et de repr\u00e9sentation patronale :<\/p>\n<ul>\n<li>Elle d\u00e9fend les int\u00e9r\u00eats des institutions membres aupr\u00e8s des Pouvoirs publics<\/li>\n<li>Elle si\u00e8ge, au nom des secteurs membres, au sein de diverses instances consultatives et intersectorielles<\/li>\n<li>Elle promeut un dialogue r\u00e9gulier avec les organismes repr\u00e9sentatifs des travailleurs. Dans le monde associatif, les int\u00e9r\u00eats des travailleurs et des pouvoirs organisateurs sont d\u2019ailleurs souvent tr\u00e8s proches.<\/li>\n<\/ul>\n<p>La FdSS est un membre actif de la F\u00e9d\u00e9ration des Associations Sociales et de Sant\u00e9 (FASS). Celle-ci r\u00e9unit la majorit\u00e9 des secteurs dits \u00ab ambulatoires \u00bb du social et de la sant\u00e9 qui, pris individuellement, sont trop petits pour avoir une repr\u00e9sentativit\u00e9 dans les n\u00e9gociations paritaires et faire entendre leur voix dans la concertation sociale.<\/p>\n<div class=\"title_code\">L'\u00e9quipe en charge de la repr\u00e9sentation patronale<\/div>\n        <div class=\"content_code\"><\/p>\n<p><strong>Samantha Smith Vicat<\/strong><\/p>\n<p><a href=\"&#x6d;&#x61;&#x69;&#x6c;&#116;&#111;&#58;sa&#x6d;&#x61;&#x6e;&#x74;&#x68;&#97;&#46;&#115;mi&#x74;&#x68;&#x40;&#x66;&#x64;&#115;&#115;&#46;be\">&#x73;&#x61;&#x6d;&#x61;&#x6e;&#x74;&#x68;&#x61;&#x2e;&#x73;&#x6d;&#105;&#116;&#104;&#64;&#102;&#100;&#115;s&#46;be <\/a><br \/>\n+32 2 250 09 14<br \/>\n+32 486 88 68 98<\/p>\n<p><\/div>\n<p>Par le biais de la FASS, la FdSS peut faire entendre sa voix et participer aux n\u00e9gociations, tant au niveau des Commissions Paritaires (330 et 332) que des Fonds Sociaux (Fonds Maribel et Groupes \u00e0 Risque). Elle participe aussi \u00e0 la n\u00e9gociation des accords du non-marchand \u00e0 Bruxelles et en Wallonie.<\/p>\n<p><a class=\"button\" href=\"http:\/\/www.fass.be\" target=\"_blank\" rel=\"noopener noreferrer\">Le site de la FASS<\/a><\/p>\n<div class=\"contact-box\"><\/p>\n<p class=\"icon-info\"><span lang=\"FR-BE\">La FASS est officiellement reconnue par le Conseil National du Travail (C.N.T.) comme organisation repr\u00e9sentative des employeurs, en coop\u00e9ration avec son homologue flamand \u2013 la Verbond Sociale Ondernemingen (V.S.O.) \u2013 depuis 1998.<\/span><\/p>\n<p><span lang=\"FR-BE\">La FASS r\u00e9unit les secteurs des maisons m\u00e9dicales, des centres de planning familial, des services de sant\u00e9 mentale, des centres de service social et d\u2019action sociale globale et centres d\u2019aide aux personnes, des coordinations de soins et services \u00e0 domicile, des services actifs en toxicomanie, des habitations prot\u00e9g\u00e9es, de l\u2019aide sociale aux justiciables, des t\u00e9l\u00e9-accueil et centre de pr\u00e9vention du suicide et des \u00e9quipes S.O.S Enfants.<\/span><\/p>\n<p><\/div>\n","protected":false},"excerpt":{"rendered":"<p>Les services membres de la FdSS sont des associations professionnelles qui emploient du personnel salari\u00e9. Ils sont donc tenus de respecter leurs obligations d\u2019employeurs. Afin d\u2019aider ses membres \u00e0 faire face \u00e0 ces obligations, la FdSS poursuit une mission de conseil et de repr\u00e9sentation patronale : Elle d\u00e9fend les int\u00e9r\u00eats des institutions membres aupr\u00e8s des [&hellip;]<\/p>\n","protected":false},"author":4,"featured_media":0,"parent":159,"menu_order":92,"comment_status":"closed","ping_status":"closed","template":"","meta":{"_acf_changed":false,"footnotes":""},"class_list":["post-33","page","type-page","status-publish","hentry"],"acf":[],"_links":{"self":[{"href":"https:\/\/www.fdss.be\/fr\/wp-json\/wp\/v2\/pages\/33","targetHints":{"allow":["GET"]}}],"collection":[{"href":"https:\/\/www.fdss.be\/fr\/wp-json\/wp\/v2\/pages"}],"about":[{"href":"https:\/\/www.fdss.be\/fr\/wp-json\/wp\/v2\/types\/page"}],"author":[{"embeddable":true,"href":"https:\/\/www.fdss.be\/fr\/wp-json\/wp\/v2\/users\/4"}],"replies":[{"embeddable":true,"href":"https:\/\/www.fdss.be\/fr\/wp-json\/wp\/v2\/comments?post=33"}],"version-history":[{"count":23,"href":"https:\/\/www.fdss.be\/fr\/wp-json\/wp\/v2\/pages\/33\/revisions"}],"predecessor-version":[{"id":13683,"href":"https:\/\/www.fdss.be\/fr\/wp-json\/wp\/v2\/pages\/33\/revisions\/13683"}],"up":[{"embeddable":true,"href":"https:\/\/www.fdss.be\/fr\/wp-json\/wp\/v2\/pages\/159"}],"wp:attachment":[{"href":"https:\/\/www.fdss.be\/fr\/wp-json\/wp\/v2\/media?parent=33"}],"curies":[{"name":"wp","href":"https:\/\/api.w.org\/{rel}","templated":true}]}}