{"id":15260,"date":"2026-08-20T16:11:52","date_gmt":"2026-08-20T14:11:52","guid":{"rendered":"https:\/\/www.fdss.be\/?page_id=15260"},"modified":"2026-08-20T16:18:14","modified_gmt":"2026-08-20T14:18:14","slug":"oceans-organisation-pour-une-chaine-euroregionale-darchipels-nourriciers-solidarises","status":"publish","type":"page","link":"https:\/\/www.fdss.be\/fr\/caa\/a-propos\/oceans-organisation-pour-une-chaine-euroregionale-darchipels-nourriciers-solidarises\/","title":{"rendered":"OCEANS (Organisation pour une Cha\u00eene Euror\u00e9gionale d&rsquo;Archipels Nourriciers Solidaris\u00e9s)"},"content":{"rendered":"<p>Le projet <a href=\"https:\/\/oceans-euro-archipels-nourriciers.eu\/fr\/\" target=\"_blank\" rel=\"noopener\">OCEANS<\/a> (Organisation pour une Cha\u00eene Euror\u00e9gionale d\u2019Archipels Nourriciers Solidaris\u00e9s) vise \u00e0 lutter contre la vuln\u00e9rabilit\u00e9 alimentaire en promouvant des pratiques agricoles durables et r\u00e9silientes face aux changements climatiques, dans une zone transfrontali\u00e8re entre la Wallonie et les Hauts-de-France.<\/p>\n<p>Les bassins industriels de ces r\u00e9gions ont un potentiel nourricier sup\u00e9rieur \u00e0 100%, mais restent fortement d\u00e9pendants des importations (au moins 50% de leur consommation). Ce mod\u00e8le alimentaire est fragile face aux crises climatiques et \u00e9conomiques, avec des cha\u00eenes d\u2019approvisionnement sous tension et une pression accrue sur l\u2019environnement (\u00e9rosion des sols, pollution de l\u2019eau, pertes \u00e9cosyst\u00e9miques). L\u2019ins\u00e9curit\u00e9 alimentaire y est renforc\u00e9e par la pr\u00e9carit\u00e9 et l\u2019absence de circuits courts.<\/p>\n<p>OCEANS vise \u00e0 structurer un syst\u00e8me alimentaire transfrontalier capable de :<\/p>\n<ul>\n<li>renforcer l\u2019autonomie alimentaire<\/li>\n<li>restaurer les capacit\u00e9s productives \u00e9cologiques<\/li>\n<li>int\u00e9grer les risques alimentaires dans la planification publique<\/li>\n<li>d\u00e9velopper des m\u00e9canismes concrets de solidarit\u00e9<\/li>\n<\/ul>\n<p>Le projet s\u2019articule autour de quatre modules compl\u00e9mentaires :<\/p>\n<p><strong>1. Concevoir une Trame \u00c9cologique et Nourrici\u00e8re<\/strong><\/p>\n<p>Un outil d\u2019aide \u00e0 la d\u00e9cision croisant donn\u00e9es agricoles, naturalistes et logistiques afin d\u2019orienter les politiques publiques pour pr\u00e9server les ressources, soutenir des productions locales et anticiper les fragilit\u00e9s territoriales.<\/p>\n<p><strong>2. Int\u00e9grer les risques alimentaires dans les strat\u00e9gies locales<\/strong><\/p>\n<p>Accompagnement des collectivit\u00e9s pour inscrire les risques alimentaires dans les Plans strat\u00e9giques transversaux (Belgique) et les Plans communaux de sauvegarde (France) afin de les outiller face aux crises et de renforcer la culture du risque.<\/p>\n<p><strong>3. Exp\u00e9rimenter des mod\u00e8les de production r\u00e9silients<\/strong><\/p>\n<p>Restauration de sols d\u00e9grad\u00e9s et tests de pratiques agro\u00e9cologiques reproductibles.<\/p>\n<p><strong>4. D\u00e9ployer des \u00ab\u00a0Places \u00e0 VivreS\u00a0\u00bb<\/strong><\/p>\n<p>Espaces inspir\u00e9s des tiers-lieux nourriciers combinant l\u2019acc\u00e8s \u00e0 une alimentation durable et l\u2019engagement citoyen.<\/p>\n<p>Une coop\u00e9ration transfrontali\u00e8re est indispensable pour relever les d\u00e9fis alimentaires et climatiques qui d\u00e9passent les fronti\u00e8res nationales. En unissant leurs efforts, les partenaires wallons et fran\u00e7ais peuvent mettre \u00e0 profit leurs exp\u00e9riences respectives en termes de structuration de fili\u00e8res locales, de pratiques agro\u00e9cologiques et d\u2019exp\u00e9rimentation de m\u00e9canismes de solidarit\u00e9 alimentaire, afin de d\u00e9velopper un mod\u00e8le efficace de transition alimentaire et \u00e9cologique, r\u00e9plicable dans d\u2019autres territoires.<\/p>\n<p>&nbsp;<\/p>\n<p><img loading=\"lazy\" decoding=\"async\" class=\"wp-image-15261 alignnone\" src=\"https:\/\/www.fdss.be\/wp-content\/uploads\/logo-cmyk-500x230.jpg\" alt=\"\" width=\"270\" height=\"124\" srcset=\"https:\/\/www.fdss.be\/wp-content\/uploads\/logo-cmyk-500x230.jpg 500w, https:\/\/www.fdss.be\/wp-content\/uploads\/logo-cmyk-1024x472.jpg 1024w, https:\/\/www.fdss.be\/wp-content\/uploads\/logo-cmyk-150x69.jpg 150w, https:\/\/www.fdss.be\/wp-content\/uploads\/logo-cmyk-768x354.jpg 768w, https:\/\/www.fdss.be\/wp-content\/uploads\/logo-cmyk.jpg 1496w\" sizes=\"auto, (max-width: 270px) 100vw, 270px\" \/><\/p>\n<p><strong>Partenaires op\u00e9rateurs<\/strong><\/p>\n<ul>\n<li>Ceinture Alimentaire de Charleroi M\u00e9tropole (op\u00e9rateur chef de file)<\/li>\n<li>Espace Environnement<\/li>\n<li>F\u00e9d\u00e9ration des Services Sociaux<\/li>\n<li>Les Anges Gardins<\/li>\n<li>Noeux Environnement<\/li>\n<li>AFEJI Jardin de Cocagne Hauts de France Emploi Adapt\u00e9<\/li>\n<li>Collective of urban farmers of Trichon<\/li>\n<\/ul>\n<p><strong>Partenaires associ\u00e9s<\/strong><\/p>\n<ul>\n<li>Food-C<\/li>\n<li>Bio en Hauts-de-France<\/li>\n<li>Conseil d\u00e9partemental du Pas-de-Calais<\/li>\n<li>Conseil d\u00e9partemental du Nord<\/li>\n<\/ul>\n<p><strong>Financeurs<\/strong><\/p>\n<ul>\n<li>Fonds europ\u00e9en de d\u00e9veloppement r\u00e9gional dans le cadre du <a href=\"https:\/\/www.interreg-fwvl.eu\/fr\" target=\"_blank\" rel=\"noopener\">programme Interreg VI<\/a> France-Wallonie-Vlaanderen<\/li>\n<li>Wallonie<\/li>\n<\/ul>\n<p>&nbsp;<\/p>\n<table width=\"100%\">\n<tbody>\n<tr>\n<td><strong>Date de d\u00e9but<\/strong><\/td>\n<td>2026<\/td>\n<\/tr>\n<tr>\n<td><strong>Date de fin<\/strong><\/td>\n<td>2029<\/td>\n<\/tr>\n<tr>\n<td><strong>Territoire<\/strong><\/td>\n<td>Hauts-de-France et Charleroi M\u00e9tropole<\/td>\n<\/tr>\n<tr>\n<td><strong>Th\u00e9matiques<\/strong><\/td>\n<td>Alimentation durable<\/td>\n<\/tr>\n<tr>\n<td><strong>M\u00e9tiers<\/strong><\/td>\n<td>Information, animation &amp; sensibilisation, Mise en r\u00e9seau d\u2019acteurs, Concertation et soutien \u00e0 la participation, Recherche-action et expertise, Conseil strat\u00e9gique<\/td>\n<\/tr>\n<\/tbody>\n<\/table>\n","protected":false},"excerpt":{"rendered":"<p>Le projet OCEANS (Organisation pour une Cha\u00eene Euror\u00e9gionale d\u2019Archipels Nourriciers Solidaris\u00e9s) vise \u00e0 lutter contre la vuln\u00e9rabilit\u00e9 alimentaire en promouvant des pratiques agricoles durables et r\u00e9silientes face aux changements climatiques, dans une zone transfrontali\u00e8re entre la Wallonie et les Hauts-de-France. Les bassins industriels de ces r\u00e9gions ont un potentiel nourricier sup\u00e9rieur \u00e0 100%, mais restent [&hellip;]<\/p>\n","protected":false},"author":4,"featured_media":0,"parent":453,"menu_order":0,"comment_status":"closed","ping_status":"closed","template":"","meta":{"_acf_changed":false,"footnotes":""},"class_list":["post-15260","page","type-page","status-publish","hentry"],"acf":[],"_links":{"self":[{"href":"https:\/\/www.fdss.be\/fr\/wp-json\/wp\/v2\/pages\/15260","targetHints":{"allow":["GET"]}}],"collection":[{"href":"https:\/\/www.fdss.be\/fr\/wp-json\/wp\/v2\/pages"}],"about":[{"href":"https:\/\/www.fdss.be\/fr\/wp-json\/wp\/v2\/types\/page"}],"author":[{"embeddable":true,"href":"https:\/\/www.fdss.be\/fr\/wp-json\/wp\/v2\/users\/4"}],"replies":[{"embeddable":true,"href":"https:\/\/www.fdss.be\/fr\/wp-json\/wp\/v2\/comments?post=15260"}],"version-history":[{"count":2,"href":"https:\/\/www.fdss.be\/fr\/wp-json\/wp\/v2\/pages\/15260\/revisions"}],"predecessor-version":[{"id":15266,"href":"https:\/\/www.fdss.be\/fr\/wp-json\/wp\/v2\/pages\/15260\/revisions\/15266"}],"up":[{"embeddable":true,"href":"https:\/\/www.fdss.be\/fr\/wp-json\/wp\/v2\/pages\/453"}],"wp:attachment":[{"href":"https:\/\/www.fdss.be\/fr\/wp-json\/wp\/v2\/media?parent=15260"}],"curies":[{"name":"wp","href":"https:\/\/api.w.org\/{rel}","templated":true}]}}