{"id":11585,"date":"2024-08-02T10:49:36","date_gmt":"2024-08-02T08:49:36","guid":{"rendered":"https:\/\/www.fdss.be\/?post_type=hors-les-murs&#038;p=11585"},"modified":"2025-08-20T14:20:50","modified_gmt":"2025-08-20T12:20:50","slug":"cqna","status":"publish","type":"hors-les-murs","link":"https:\/\/www.fdss.be\/fr\/hors-les-murs\/cqna\/","title":{"rendered":"Ce Qui Nous Arrive"},"content":{"rendered":"<div class=\"fl-col fl-node-mvku5sbngrp6 fl-col-small\" data-node=\"mvku5sbngrp6\">\n<div class=\"fl-col-content fl-node-content\">\n<div class=\"fl-module fl-module-rich-text fl-node-92j5sh1g3uze cob-paragraphe\" data-node=\"92j5sh1g3uze\">\n<div class=\"fl-module-content fl-node-content\">\n<div class=\"fl-rich-text\">\n<p><i><strong>CQNA<\/strong>, c\u2019est <\/i><strong><i>un ensemble de personnes et de collectifs<\/i><\/strong><i><strong>,<\/strong> venant de<\/i> <em><strong>secteurs vari\u00e9s <\/strong><\/em><i>(social, climat, \u00e9ducation permanente, sant\u00e9\u2026) qui se r\u00e9unissent dans le but <\/i><em><strong>de penser et agir <\/strong><\/em><i>de mani\u00e8re tr\u00e8s <\/i><strong><em>concr\u00e8te,<\/em><\/strong><i> sur les territoires. Dans le contexte <\/i><em><strong>des crises climatiques, sociales et d\u00e9mocratiques<\/strong><\/em><i>, nous voulons nous organiser pour pouvoir faire face \u00e0<\/i> <em><strong>Ce Qui Nous Arrive !\u00a0<\/strong><\/em><\/p>\n<ol>\n<li><em><strong>Penser<\/strong><\/em><i>: Nous organisons des moments de r\u00e9flexions pour retrouver des rep\u00e8res, tenter de comprendre ce qui nous arrive et se raccrocher \u00e0 un horizon d\u00e9sirable pour le vivant (humain et non-humain).<\/i><\/li>\n<li><em><strong>Agir :<\/strong><\/em><i> \u00c0 partir des balises et rep\u00e8res issus de ces r\u00e9flexions, nous initions ou accompagnons des actions concr\u00e8tes sur les territoires (mobilisations, r\u00e9seaux de solidarit\u00e9, gr\u00e8ves, occupations\u2026).\u00a0<\/i><\/li>\n<\/ol>\n<p><a class=\"button\" href=\"http:\/\/WWW.cqna.be\">Notre site internet !<\/a><\/p>\n<h3><strong>Vid\u00e9o de pr\u00e9sentation du projet<\/strong><\/h3>\n<\/div>\n<\/div>\n<\/div>\n<\/div>\n<\/div>\n<p><iframe loading=\"lazy\" title=\"CQNA - C&#039;est quoi &quot;Ce Qui Nous Arrive&quot; ?\" width=\"500\" height=\"281\" src=\"https:\/\/www.youtube.com\/embed\/vt-hX24As4Q?feature=oembed\" frameborder=\"0\" allow=\"accelerometer; autoplay; clipboard-write; encrypted-media; gyroscope; picture-in-picture; web-share\" referrerpolicy=\"strict-origin-when-cross-origin\" allowfullscreen><\/iframe><\/p>\n<p>&nbsp;<\/p>\n<h3><strong>Les 4 fondamentaux de CQNA<\/strong><\/h3>\n<p>Lors d\u2019une journ\u00e9e de travail \u00ab Ce qui nous soul\u00e8ve \u00bb en collaboration avec de nombreux partenaires, nous avons \u00e9tablis 4 fondamentaux pour construire des complicit\u00e9s socio-climatiques sur les territoires pratiques.<\/p>\n<div class=\"fl-module fl-module-rich-text fl-node-poe74c2r18f6\" data-node=\"poe74c2r18f6\">\n<div class=\"fl-module-content fl-node-content\">\n<div class=\"fl-rich-text\">\n<ol>\n<li><em><strong>Des<\/strong> <strong>alliances multiformes, d\u00e9sordonn\u00e9es crois\u00e9es<\/strong> :<\/em> Il n\u2019existe pas de concurrence ni de pr\u00e9s\u00e9ance entre les esth\u00e9tiques de luttes et les modes de luttes. Les diff\u00e9rents types d\u2019actions appellent \u00e0 des assemblages vari\u00e9s, compos\u00e9s d\u2019actrices et d\u2019acteurs diff\u00e9rent.e.s.<\/li>\n<li><strong><em>Des actions disproportionn\u00e9es\u2026 dans les deux sens : <\/em><\/strong>Faire beaucoup \u00e0 beaucoup sur un sujet qui peut para\u00eetre minime mais qui peut avoir valeur d\u2019\u00e9tincelle et qui soude entre eux les actrices et acteurs de cette disproportion en plus d\u2019apporter une solution concr\u00e8te \u00e0 une situation concr\u00e8te.<\/li>\n<li><strong><em>D\u00e9faires les dominations<\/em> institutionnelles<\/strong> : Il n\u2019existe pas de concurrence ni de pr\u00e9s\u00e9ance entre les esth\u00e9tiques de luttes et les modes de luttes. Les diff\u00e9rents types d\u2019actions appellent \u00e0 des assemblages. Le secteur social est garant de la qualit\u00e9 de son travail ; il conna\u00eet son public et ses territoires. Cependant, les assignations administratives en mati\u00e8re d\u2019appels \u00e0 projet, rapports d\u2019activit\u00e9s ainsi que l\u2019application de techniques de new public management emp\u00eachent le bon exercice de nos m\u00e9tiers. Cela n\u2019est plus durable. La subvention ne peut pas valoir plus que l\u2019urgence sociale et climatique. \u00a0es vari\u00e9s, compos\u00e9s d\u2019actrices et d\u2019acteurs diff\u00e9rent.e.s.<\/li>\n<li><em><strong>Se renforcer et s&rsquo;organiser territorialement<\/strong> <\/em>: Le territoire permet de structurer, dans un espace r\u00e9duit et redimensionn\u00e9, les alliances et les complicit\u00e9s socio-climatiques. Il est l\u2019espace o\u00f9 aller rencontrer et chercher des populations et des publics, mais \u00e9galement un lieu d\u2019exercices de tentatives de mises en place d\u2019initiatives et de propositions visant \u00e0 pr\u00e9parer les bifurcations et les basculements.<\/li>\n<\/ol>\n<h3><strong>\u00c0 l&rsquo;origine&#8230;<\/strong><\/h3>\n<div class=\"fl-module fl-module-rich-text fl-node-cdwp95ubhq8i\" data-node=\"cdwp95ubhq8i\">\n<div class=\"fl-module-content fl-node-content\">\n<div class=\"fl-rich-text\">\n<div class=\"fl-col fl-node-nzxo3rlspqfk fl-col-small\" data-node=\"nzxo3rlspqfk\">\n<div class=\"fl-col-content fl-node-content\">\n<div class=\"fl-module fl-module-rich-text fl-node-gt5kjfo4bm1s cob-paragraphe\" data-node=\"gt5kjfo4bm1s\">\n<div class=\"fl-module-content fl-node-content\">\n<div class=\"fl-rich-text\">\n<p>\u00ab Ce qui nous arrive \u00bb est n\u00e9 des bouleversements li\u00e9s aux confinements du Covid-19. Il fallait trouver comment parler et se reparler apr\u00e8s cette p\u00e9riode compliqu\u00e9e : trop de choses avaient \u00e9t\u00e9 bouscul\u00e9es, trop de relations bless\u00e9es. Les <strong>\u00ab secteurs de la relation \u00bb<\/strong>, qu\u2019il s\u2019agisse de la sant\u00e9, du social, de l\u2019\u00e9ducation permanente ou de la culture, sortaient de la pand\u00e9mie passablement ab\u00eem\u00e9s.<\/p>\n<p>C\u2019est sur ce constat que nous avons appel\u00e9, en septembre 2022, \u00e0 d\u00e9battre et construire. Avec une invitation claire : \u00ab Ce qui nous arrive, c\u2019est que chaque crise renforce les in\u00e9galit\u00e9s sociales, c\u2019est que les libert\u00e9s se trouvent de plus en plus affect\u00e9es, c\u2019est que les in\u00e9vitables basculements n\u2019ont \u00e9t\u00e9 ni pens\u00e9s ni anticip\u00e9s. Ce que nous voulons : pr\u00e9parer au lieu de r\u00e9parer \u00bb. Plus de 400 personnes ont particip\u00e9 aux premi\u00e8res journ\u00e9es, suivies d\u2019un certain nombre d\u2019autres rencontres avec des chercheuses, des chercheurs, des po\u00e8tes, des scientifiques qui pouvaient, d\u2019une fa\u00e7on ou d\u2019une autre, \u00e9clairer le chemin.<\/p>\n<p>Aujourd\u2019hui, Ce qui nous arrive, qui entend rester une forme mouvante et insaisissable, fait de la recherche des alliances entre les <strong>acteurs sociaux et environnementaux<\/strong> une priorit\u00e9. Elle entend pour cela participer \u00e0 une large lib\u00e9ration du temps contraint des proc\u00e9dures et des managements. Se saisir du temps d\u2019aujourd\u2019hui est en effet capital pour imaginer celui qui vient.<\/p>\n<\/div>\n<\/div>\n<\/div>\n<\/div>\n<\/div>\n<\/div>\n<\/div>\n<\/div>\n<\/div>\n<\/div>\n<\/div>\n","protected":false},"featured_media":11084,"template":"","class_list":["post-11585","hors-les-murs","type-hors-les-murs","status-publish","has-post-thumbnail","hentry"],"acf":[],"_links":{"self":[{"href":"https:\/\/www.fdss.be\/fr\/wp-json\/wp\/v2\/hors-les-murs\/11585","targetHints":{"allow":["GET"]}}],"collection":[{"href":"https:\/\/www.fdss.be\/fr\/wp-json\/wp\/v2\/hors-les-murs"}],"about":[{"href":"https:\/\/www.fdss.be\/fr\/wp-json\/wp\/v2\/types\/hors-les-murs"}],"wp:featuredmedia":[{"embeddable":true,"href":"https:\/\/www.fdss.be\/fr\/wp-json\/wp\/v2\/media\/11084"}],"wp:attachment":[{"href":"https:\/\/www.fdss.be\/fr\/wp-json\/wp\/v2\/media?parent=11585"}],"curies":[{"name":"wp","href":"https:\/\/api.w.org\/{rel}","templated":true}]}}